{"id":15,"date":"2023-08-28T04:54:33","date_gmt":"2023-08-28T02:54:33","guid":{"rendered":"https:\/\/maxradio923.com\/?page_id=15"},"modified":"2025-12-26T01:17:32","modified_gmt":"2025-12-26T04:17:32","slug":"max-radio-92-3-mhz-san-juan-argentina","status":"publish","type":"page","link":"https:\/\/maxradio923.com.ar\/","title":{"rendered":"MAX RADIO 92.3 MHZ | SAN JUAN ARGENTINA"},"content":{"rendered":"<div class=\"wpb-content-wrapper\"><p>[vc_row full_width=&#8221;stretch_row_content&#8221;][vc_column]<div class=\" bs-listing bs-listing-modern-grid-listing-10 bs-listing-single-tab\">\t<div class=\"listing listing-modern-grid listing-modern-grid-10 clearfix slider-overlay-colored-anim\">\n\t\t<div class=\"mg-row mg-row-1 clearfix\">\n\t\t\t<div class=\"mg-col mg-col-1\">\n\t\t\t\t\t<article class=\"post-91300 type-post format-standard has-post-thumbnail  listing-item-1 listing-item listing-mg-item listing-mg-10-item listing-mg-type-1 main-term-14\">\n\t<div class=\"item-content\">\n\t\t<a  title=\"Lionel Richie fue internado en terapia intensiva tras su \u00faltimo concierto en St. Louis\" data-src=\"https:\/\/maxradio923.com.ar\/wp-content\/uploads\/2026\/08\/el-cantante-de-77-anos-se-encuentra-internado-en-R74T24J6ORG5RMVCUKZWPWZDVI-750x430.jpeg\" data-bs-srcset=\"{&quot;baseurl&quot;:&quot;https:\\\/\\\/maxradio923.com.ar\\\/wp-content\\\/uploads\\\/2026\\\/08\\\/&quot;,&quot;sizes&quot;:{&quot;210&quot;:&quot;el-cantante-de-77-anos-se-encuentra-internado-en-R74T24J6ORG5RMVCUKZWPWZDVI-210x136.jpeg&quot;,&quot;279&quot;:&quot;el-cantante-de-77-anos-se-encuentra-internado-en-R74T24J6ORG5RMVCUKZWPWZDVI-279x220.jpeg&quot;,&quot;357&quot;:&quot;el-cantante-de-77-anos-se-encuentra-internado-en-R74T24J6ORG5RMVCUKZWPWZDVI-357x210.jpeg&quot;,&quot;750&quot;:&quot;el-cantante-de-77-anos-se-encuentra-internado-en-R74T24J6ORG5RMVCUKZWPWZDVI-750x430.jpeg&quot;,&quot;1200&quot;:&quot;el-cantante-de-77-anos-se-encuentra-internado-en-R74T24J6ORG5RMVCUKZWPWZDVI.jpeg&quot;}}\"\t\t\t\tclass=\"img-cont\" href=\"https:\/\/maxradio923.com.ar\/index.php\/2026\/08\/31\/lionel-richie-fue-internado-en-terapia-intensiva-tras-su-ultimo-concierto-en-st-louis\/\"><\/a>\n\t\t<div class=\"term-badges floated\"><span class=\"term-badge term-14\"><a href=\"https:\/\/maxradio923.com.ar\/index.php\/category\/musica\/\">M\u00fasica<\/a><\/span><\/div>\t\t<div class=\"content-container\">\n\t\t\t<h2 class=\"title\">\t\t\t<a href=\"https:\/\/maxradio923.com.ar\/index.php\/2026\/08\/31\/lionel-richie-fue-internado-en-terapia-intensiva-tras-su-ultimo-concierto-en-st-louis\/\" class=\"post-url post-title\">\n\t\t\t\tLionel Richie fue internado en terapia intensiva tras su \u00faltimo concierto en St. Louis\t\t\t<\/a>\n\t\t\t<\/h2>\t\t<div class=\"post-meta\">\n\n\t\t\t\t\t\t\t<a href=\"https:\/\/maxradio923.com.ar\/index.php\/author\/prensa\/\"\n\t\t\t\t   title=\"Art\u00edculos de autor\"\n\t\t\t\t   class=\"post-author-a\">\n\t\t\t\t\t<i class=\"post-author author\">\n\t\t\t\t\t\tPrensa Max Radio\t\t\t\t\t<\/i>\n\t\t\t\t<\/a>\n\t\t\t\t\t\t\t<span class=\"time\"><time class=\"post-published updated\"\n\t\t\t\t                         datetime=\"2026-08-31T18:57:03-03:00\">lunes 31 de agosto de 2026<\/time><\/span>\n\t\t\t\t\t\t<\/div>\n\t\t\t\t<\/div>\n\t<\/div>\n\t<\/article >\n\t\t\t<\/div>\n\t\t\t<div class=\"mg-col mg-col-2\">\n\t\t\t\t\t<article class=\"post-91298 type-post format-standard has-post-thumbnail  listing-item-2 listing-item listing-mg-item listing-mg-10-item listing-mg-type-1 main-term-14\">\n\t<div class=\"item-content\">\n\t\t<a  title=\"Fatboy Slim regresa a Buenos Aires un a\u00f1o despu\u00e9s de su \u00faltimo show: cu\u00e1nto cuestan las entradas para el Movistar Arena\" data-src=\"https:\/\/maxradio923.com.ar\/wp-content\/uploads\/2026\/08\/fatboy-slim-construye-sus-presentaciones-a-partir-WLNNWBIL2REYJOOZUE2S3IKIPQ-750x430.jpg\" data-bs-srcset=\"{&quot;baseurl&quot;:&quot;https:\\\/\\\/maxradio923.com.ar\\\/wp-content\\\/uploads\\\/2026\\\/08\\\/&quot;,&quot;sizes&quot;:{&quot;210&quot;:&quot;fatboy-slim-construye-sus-presentaciones-a-partir-WLNNWBIL2REYJOOZUE2S3IKIPQ-210x136.jpg&quot;,&quot;279&quot;:&quot;fatboy-slim-construye-sus-presentaciones-a-partir-WLNNWBIL2REYJOOZUE2S3IKIPQ-279x220.jpg&quot;,&quot;357&quot;:&quot;fatboy-slim-construye-sus-presentaciones-a-partir-WLNNWBIL2REYJOOZUE2S3IKIPQ-357x210.jpg&quot;,&quot;750&quot;:&quot;fatboy-slim-construye-sus-presentaciones-a-partir-WLNNWBIL2REYJOOZUE2S3IKIPQ-750x430.jpg&quot;,&quot;1200&quot;:&quot;fatboy-slim-construye-sus-presentaciones-a-partir-WLNNWBIL2REYJOOZUE2S3IKIPQ.JPG&quot;}}\"\t\t\t\tclass=\"img-cont\" href=\"https:\/\/maxradio923.com.ar\/index.php\/2026\/08\/31\/fatboy-slim-regresa-a-buenos-aires-un-ano-despues-de-su-ultimo-show-cuanto-cuestan-las-entradas-para-el-movistar-arena\/\"><\/a>\n\t\t<div class=\"term-badges floated\"><span class=\"term-badge term-14\"><a href=\"https:\/\/maxradio923.com.ar\/index.php\/category\/musica\/\">M\u00fasica<\/a><\/span><\/div>\t\t<div class=\"content-container\">\n\t\t\t<h2 class=\"title\">\t\t\t<a href=\"https:\/\/maxradio923.com.ar\/index.php\/2026\/08\/31\/fatboy-slim-regresa-a-buenos-aires-un-ano-despues-de-su-ultimo-show-cuanto-cuestan-las-entradas-para-el-movistar-arena\/\" class=\"post-url post-title\">\n\t\t\t\tFatboy Slim regresa a Buenos Aires un a\u00f1o despu\u00e9s de su \u00faltimo show: cu\u00e1nto cuestan las entradas para el Movistar Arena\t\t\t<\/a>\n\t\t\t<\/h2>\t\t<div class=\"post-meta\">\n\n\t\t\t\t\t\t\t<a href=\"https:\/\/maxradio923.com.ar\/index.php\/author\/prensa\/\"\n\t\t\t\t   title=\"Art\u00edculos de autor\"\n\t\t\t\t   class=\"post-author-a\">\n\t\t\t\t\t<i class=\"post-author author\">\n\t\t\t\t\t\tPrensa Max Radio\t\t\t\t\t<\/i>\n\t\t\t\t<\/a>\n\t\t\t\t\t\t\t<span class=\"time\"><time class=\"post-published updated\"\n\t\t\t\t                         datetime=\"2026-08-31T18:14:03-03:00\">lunes 31 de agosto de 2026<\/time><\/span>\n\t\t\t\t\t\t<\/div>\n\t\t\t\t<\/div>\n\t<\/div>\n\t<\/article >\n\t\t\t<\/div>\n\t\t<\/div>\n\t\t\t\t<div class=\"mg-row mg-row-2 clearfix\">\n\t\t\t<div class=\"mg-col mg-col-1\">\n\t\t\t\t\t<article class=\"post-91296 type-post format-standard has-post-thumbnail  listing-item-3 listing-item listing-mg-item listing-mg-10-item listing-mg-type-1 main-term-14\">\n\t<div class=\"item-content\">\n\t\t<a  title=\"Ozuna vuelve a la Argentina con Una Aventura World Tour: cu\u00e1ndo toca, cu\u00e1l es precio de las entradas y c\u00f3mo comprarlas\" data-src=\"https:\/\/maxradio923.com.ar\/wp-content\/uploads\/2026\/08\/la-gira-toma-su-nombre-de-una-aventura-cancion-ASISTTV2DJGLVH2VIKBEIAUS7I-357x210.jpg\" data-bs-srcset=\"{&quot;baseurl&quot;:&quot;https:\\\/\\\/maxradio923.com.ar\\\/wp-content\\\/uploads\\\/2026\\\/08\\\/&quot;,&quot;sizes&quot;:{&quot;210&quot;:&quot;la-gira-toma-su-nombre-de-una-aventura-cancion-ASISTTV2DJGLVH2VIKBEIAUS7I-210x136.jpg&quot;,&quot;279&quot;:&quot;la-gira-toma-su-nombre-de-una-aventura-cancion-ASISTTV2DJGLVH2VIKBEIAUS7I-279x220.jpg&quot;,&quot;357&quot;:&quot;la-gira-toma-su-nombre-de-una-aventura-cancion-ASISTTV2DJGLVH2VIKBEIAUS7I-357x210.jpg&quot;,&quot;750&quot;:&quot;la-gira-toma-su-nombre-de-una-aventura-cancion-ASISTTV2DJGLVH2VIKBEIAUS7I-750x430.jpg&quot;,&quot;1200&quot;:&quot;la-gira-toma-su-nombre-de-una-aventura-cancion-ASISTTV2DJGLVH2VIKBEIAUS7I.jpg&quot;}}\"\t\t\t\tclass=\"img-cont\" href=\"https:\/\/maxradio923.com.ar\/index.php\/2026\/08\/31\/ozuna-vuelve-a-la-argentina-con-una-aventura-world-tour-cuando-toca-cual-es-precio-de-las-entradas-y-como-comprarlas\/\"><\/a>\n\t\t<div class=\"term-badges floated\"><span class=\"term-badge term-14\"><a href=\"https:\/\/maxradio923.com.ar\/index.php\/category\/musica\/\">M\u00fasica<\/a><\/span><\/div>\t\t<div class=\"content-container\">\n\t\t\t<h2 class=\"title\">\t\t\t<a href=\"https:\/\/maxradio923.com.ar\/index.php\/2026\/08\/31\/ozuna-vuelve-a-la-argentina-con-una-aventura-world-tour-cuando-toca-cual-es-precio-de-las-entradas-y-como-comprarlas\/\" class=\"post-url post-title\">\n\t\t\t\tOzuna vuelve a la Argentina con Una Aventura World Tour: cu\u00e1ndo toca, cu\u00e1l es precio de las entradas&hellip;\t\t\t<\/a>\n\t\t\t<\/h2>\t\t<\/div>\n\t<\/div>\n\t<\/article >\n\t\t\t<\/div>\n\t\t\t<div class=\"mg-col mg-col-2\">\n\t\t\t\t\t<article class=\"post-91294 type-post format-standard has-post-thumbnail  listing-item-4 listing-item listing-mg-item listing-mg-10-item listing-mg-type-1 main-term-14\">\n\t<div class=\"item-content\">\n\t\t<a  title=\"Black Eyed Peas vuelve a la Argentina: precio, fecha y c\u00f3mo comprar entradas para el Movistar Arena\" data-src=\"https:\/\/maxradio923.com.ar\/wp-content\/uploads\/2026\/08\/black-eyed-peas-volvera-a-la-argentina-despues-de-ZXEHU3KRL5EWBODZZBLTHHUFME-357x210.jpg\" data-bs-srcset=\"{&quot;baseurl&quot;:&quot;https:\\\/\\\/maxradio923.com.ar\\\/wp-content\\\/uploads\\\/2026\\\/08\\\/&quot;,&quot;sizes&quot;:{&quot;210&quot;:&quot;black-eyed-peas-volvera-a-la-argentina-despues-de-ZXEHU3KRL5EWBODZZBLTHHUFME-210x136.jpg&quot;,&quot;279&quot;:&quot;black-eyed-peas-volvera-a-la-argentina-despues-de-ZXEHU3KRL5EWBODZZBLTHHUFME-279x220.jpg&quot;,&quot;357&quot;:&quot;black-eyed-peas-volvera-a-la-argentina-despues-de-ZXEHU3KRL5EWBODZZBLTHHUFME-357x210.jpg&quot;,&quot;750&quot;:&quot;black-eyed-peas-volvera-a-la-argentina-despues-de-ZXEHU3KRL5EWBODZZBLTHHUFME-750x430.jpg&quot;,&quot;1200&quot;:&quot;black-eyed-peas-volvera-a-la-argentina-despues-de-ZXEHU3KRL5EWBODZZBLTHHUFME.jpg&quot;}}\"\t\t\t\tclass=\"img-cont\" href=\"https:\/\/maxradio923.com.ar\/index.php\/2026\/08\/31\/black-eyed-peas-vuelve-a-la-argentina-precio-fecha-y-como-comprar-entradas-para-el-movistar-arena\/\"><\/a>\n\t\t<div class=\"term-badges floated\"><span class=\"term-badge term-14\"><a href=\"https:\/\/maxradio923.com.ar\/index.php\/category\/musica\/\">M\u00fasica<\/a><\/span><\/div>\t\t<div class=\"content-container\">\n\t\t\t<h2 class=\"title\">\t\t\t<a href=\"https:\/\/maxradio923.com.ar\/index.php\/2026\/08\/31\/black-eyed-peas-vuelve-a-la-argentina-precio-fecha-y-como-comprar-entradas-para-el-movistar-arena\/\" class=\"post-url post-title\">\n\t\t\t\tBlack Eyed Peas vuelve a la Argentina: precio, fecha y c\u00f3mo comprar entradas para el Movistar Arena\t\t\t<\/a>\n\t\t\t<\/h2>\t\t<\/div>\n\t<\/div>\n\t<\/article >\n\t\t\t<\/div>\n\t\t\t<div class=\"mg-col mg-col-3\">\n\t\t\t\t\t<article class=\"post-91292 type-post format-standard has-post-thumbnail  listing-item-5 listing-item listing-mg-item listing-mg-10-item listing-mg-type-1 main-term-8\">\n\t<div class=\"item-content\">\n\t\t<a  title=\"IPHEM anuncia nuevas colectas durante septiembre\" data-src=\"https:\/\/maxradio923.com.ar\/wp-content\/uploads\/2026\/08\/d68ace268b2811f4a8b52ee3427d190c_L-357x210.jpg\" data-bs-srcset=\"{&quot;baseurl&quot;:&quot;https:\\\/\\\/maxradio923.com.ar\\\/wp-content\\\/uploads\\\/2026\\\/08\\\/&quot;,&quot;sizes&quot;:{&quot;210&quot;:&quot;d68ace268b2811f4a8b52ee3427d190c_L-210x136.jpg&quot;,&quot;279&quot;:&quot;d68ace268b2811f4a8b52ee3427d190c_L-279x220.jpg&quot;,&quot;357&quot;:&quot;d68ace268b2811f4a8b52ee3427d190c_L-357x210.jpg&quot;,&quot;750&quot;:&quot;d68ace268b2811f4a8b52ee3427d190c_L-750x430.jpg&quot;,&quot;782&quot;:&quot;d68ace268b2811f4a8b52ee3427d190c_L.jpg&quot;}}\"\t\t\t\tclass=\"img-cont\" href=\"https:\/\/maxradio923.com.ar\/index.php\/2026\/08\/31\/iphem-anuncia-nuevas-colectas-durante-septiembre\/\"><\/a>\n\t\t<div class=\"term-badges floated\"><span class=\"term-badge term-8\"><a href=\"https:\/\/maxradio923.com.ar\/index.php\/category\/san-juan\/\">SAN JUAN<\/a><\/span><\/div>\t\t<div class=\"content-container\">\n\t\t\t<h2 class=\"title\">\t\t\t<a href=\"https:\/\/maxradio923.com.ar\/index.php\/2026\/08\/31\/iphem-anuncia-nuevas-colectas-durante-septiembre\/\" class=\"post-url post-title\">\n\t\t\t\tIPHEM anuncia nuevas colectas durante septiembre\t\t\t<\/a>\n\t\t\t<\/h2>\t\t<\/div>\n\t<\/div>\n\t<\/article >\n\t\t\t<\/div>\n\t\t\t<div class=\"mg-col mg-col-4\">\n\t\t\t\t\t<article class=\"post-91290 type-post format-standard has-post-thumbnail  listing-item-6 listing-item listing-mg-item listing-mg-10-item listing-mg-type-1 main-term-8\">\n\t<div class=\"item-content\">\n\t\t<a  title=\"Orrego inaugur\u00f3 la ampliaci\u00f3n de una escuela en Difunta Correa que brinda m\u00e1s espacios y herramientas para los estudiantes\" data-src=\"https:\/\/maxradio923.com.ar\/wp-content\/uploads\/2026\/08\/13e277d8afaa6e788a25d710b29d3ecd_L-357x210.jpg\" data-bs-srcset=\"{&quot;baseurl&quot;:&quot;https:\\\/\\\/maxradio923.com.ar\\\/wp-content\\\/uploads\\\/2026\\\/08\\\/&quot;,&quot;sizes&quot;:{&quot;210&quot;:&quot;13e277d8afaa6e788a25d710b29d3ecd_L-210x136.jpg&quot;,&quot;279&quot;:&quot;13e277d8afaa6e788a25d710b29d3ecd_L-279x220.jpg&quot;,&quot;357&quot;:&quot;13e277d8afaa6e788a25d710b29d3ecd_L-357x210.jpg&quot;,&quot;750&quot;:&quot;13e277d8afaa6e788a25d710b29d3ecd_L-750x430.jpg&quot;,&quot;782&quot;:&quot;13e277d8afaa6e788a25d710b29d3ecd_L.jpg&quot;}}\"\t\t\t\tclass=\"img-cont\" href=\"https:\/\/maxradio923.com.ar\/index.php\/2026\/08\/31\/orrego-inauguro-la-ampliacion-de-una-escuela-en-difunta-correa-que-brinda-mas-espacios-y-herramientas-para-los-estudiantes\/\"><\/a>\n\t\t<div class=\"term-badges floated\"><span class=\"term-badge term-8\"><a href=\"https:\/\/maxradio923.com.ar\/index.php\/category\/san-juan\/\">SAN JUAN<\/a><\/span><\/div>\t\t<div class=\"content-container\">\n\t\t\t<h2 class=\"title\">\t\t\t<a href=\"https:\/\/maxradio923.com.ar\/index.php\/2026\/08\/31\/orrego-inauguro-la-ampliacion-de-una-escuela-en-difunta-correa-que-brinda-mas-espacios-y-herramientas-para-los-estudiantes\/\" class=\"post-url post-title\">\n\t\t\t\tOrrego inaugur\u00f3 la ampliaci\u00f3n de una escuela en Difunta Correa que brinda m\u00e1s espacios y&hellip;\t\t\t<\/a>\n\t\t\t<\/h2>\t\t<\/div>\n\t<\/div>\n\t<\/article >\n\t\t\t<\/div>\n\t\t<\/div>\n\t<\/div>\n<\/div>[\/vc_column][\/vc_row][vc_row][vc_column width=&#8221;2\/3&#8243;][vc_column_text]<img loading=\"lazy\" decoding=\"async\" class=\"alignnone wp-image-66687 size-full\" src=\"https:\/\/maxradio923.com.ar\/wp-content\/uploads\/2025\/12\/WhatsApp-Image-2025-12-18-at-18.05.00.jpeg\" alt=\"\" width=\"851\" height=\"315\" srcset=\"https:\/\/maxradio923.com.ar\/wp-content\/uploads\/2025\/12\/WhatsApp-Image-2025-12-18-at-18.05.00.jpeg 851w, https:\/\/maxradio923.com.ar\/wp-content\/uploads\/2025\/12\/WhatsApp-Image-2025-12-18-at-18.05.00-300x111.jpeg 300w, https:\/\/maxradio923.com.ar\/wp-content\/uploads\/2025\/12\/WhatsApp-Image-2025-12-18-at-18.05.00-768x284.jpeg 768w\" sizes=\"(max-width: 851px) 100vw, 851px\" \/>[\/vc_column_text]<div class=\" bs-listing bs-listing-listing-mix-4-5 bs-listing-single-tab\">\t<div class=\"listing listing-mix-4-5 \">\n\t\t<div class=\"item-inner clearfix\">\n\t\t\t\t<div class=\"listing listing-classic listing-classic-2 clearfix columns-1 columns-1\">\n\t\t<article class=\"post-91292 type-post format-standard has-post-thumbnail   listing-item listing-item-classic listing-item-classic-2  main-term-8 bsw-13 \">\n\t<div class=\"listing-inner item-inner\">\n\t\t\t\t\t<div class=\"featured clearfix\">\n\t\t\t\t<div class=\"term-badges floated\"><span class=\"term-badge term-8\"><a href=\"https:\/\/maxradio923.com.ar\/index.php\/category\/san-juan\/\">SAN JUAN<\/a><\/span><\/div>\t\t\t\t<a  title=\"IPHEM anuncia nuevas colectas durante septiembre\" data-src=\"https:\/\/maxradio923.com.ar\/wp-content\/uploads\/2026\/08\/d68ace268b2811f4a8b52ee3427d190c_L-750x430.jpg\" data-bs-srcset=\"{&quot;baseurl&quot;:&quot;https:\\\/\\\/maxradio923.com.ar\\\/wp-content\\\/uploads\\\/2026\\\/08\\\/&quot;,&quot;sizes&quot;:{&quot;210&quot;:&quot;d68ace268b2811f4a8b52ee3427d190c_L-210x136.jpg&quot;,&quot;279&quot;:&quot;d68ace268b2811f4a8b52ee3427d190c_L-279x220.jpg&quot;,&quot;357&quot;:&quot;d68ace268b2811f4a8b52ee3427d190c_L-357x210.jpg&quot;,&quot;750&quot;:&quot;d68ace268b2811f4a8b52ee3427d190c_L-750x430.jpg&quot;,&quot;782&quot;:&quot;d68ace268b2811f4a8b52ee3427d190c_L.jpg&quot;}}\"\t\t\t\t\t\tclass=\"img-holder\" href=\"https:\/\/maxradio923.com.ar\/index.php\/2026\/08\/31\/iphem-anuncia-nuevas-colectas-durante-septiembre\/\"><\/a>\n\t\t\t\t\t\t\t<\/div>\n\t\t<h2 class=\"title\">\t\t<a href=\"https:\/\/maxradio923.com.ar\/index.php\/2026\/08\/31\/iphem-anuncia-nuevas-colectas-durante-septiembre\/\" class=\"post-title post-url\">\n\t\t\tIPHEM anuncia nuevas colectas durante septiembre\t\t<\/a>\n\t\t<\/h2>\t\t\t\t\t<div class=\"post-summary\">\n\t\t\t\tEl Instituto Provincial de Hemoterapia (IPHEM) inform\u00f3 el cronograma de colectas de sangre que se desarrollar\u00e1 durante septiembre en distintos hospitales e instituciones de la provincia.\nLa iniciativa busca garantizar un abastecimiento permanente de unidades de sangre, un recurso indispensable para acompa\u00f1ar tratamientos,&hellip;\t\t\t<\/div>\n\t\t\t<\/div>\n\t<\/article >\n\t<\/div>\n\t\t<div class=\"listing listing-classic listing-classic-2 clearfix columns-2 columns-1\">\n\t\t<article class=\"post-91290 type-post format-standard has-post-thumbnail   listing-item listing-item-classic listing-item-classic-2  main-term-8 bsw-13 \">\n\t<div class=\"listing-inner item-inner\">\n\t\t\t\t\t<div class=\"featured clearfix\">\n\t\t\t\t<div class=\"term-badges floated\"><span class=\"term-badge term-8\"><a href=\"https:\/\/maxradio923.com.ar\/index.php\/category\/san-juan\/\">SAN JUAN<\/a><\/span><\/div>\t\t\t\t<a  title=\"Orrego inaugur\u00f3 la ampliaci\u00f3n de una escuela en Difunta Correa que brinda m\u00e1s espacios y herramientas para los estudiantes\" data-src=\"https:\/\/maxradio923.com.ar\/wp-content\/uploads\/2026\/08\/13e277d8afaa6e788a25d710b29d3ecd_L-357x210.jpg\" data-bs-srcset=\"{&quot;baseurl&quot;:&quot;https:\\\/\\\/maxradio923.com.ar\\\/wp-content\\\/uploads\\\/2026\\\/08\\\/&quot;,&quot;sizes&quot;:{&quot;210&quot;:&quot;13e277d8afaa6e788a25d710b29d3ecd_L-210x136.jpg&quot;,&quot;279&quot;:&quot;13e277d8afaa6e788a25d710b29d3ecd_L-279x220.jpg&quot;,&quot;357&quot;:&quot;13e277d8afaa6e788a25d710b29d3ecd_L-357x210.jpg&quot;,&quot;750&quot;:&quot;13e277d8afaa6e788a25d710b29d3ecd_L-750x430.jpg&quot;,&quot;782&quot;:&quot;13e277d8afaa6e788a25d710b29d3ecd_L.jpg&quot;}}\"\t\t\t\t\t\tclass=\"img-holder\" href=\"https:\/\/maxradio923.com.ar\/index.php\/2026\/08\/31\/orrego-inauguro-la-ampliacion-de-una-escuela-en-difunta-correa-que-brinda-mas-espacios-y-herramientas-para-los-estudiantes\/\"><\/a>\n\t\t\t\t\t\t\t<\/div>\n\t\t<h2 class=\"title\">\t\t<a href=\"https:\/\/maxradio923.com.ar\/index.php\/2026\/08\/31\/orrego-inauguro-la-ampliacion-de-una-escuela-en-difunta-correa-que-brinda-mas-espacios-y-herramientas-para-los-estudiantes\/\" class=\"post-title post-url\">\n\t\t\tOrrego inaugur\u00f3 la ampliaci\u00f3n de una escuela en Difunta&hellip;\t\t<\/a>\n\t\t<\/h2>\t\t\t\t\t<div class=\"post-summary\">\n\t\t\t\tEl gobernador Marcelo Orrego inaugur\u00f3 la ampliaci\u00f3n y refacci\u00f3n integral de la Escuela Rep\u00fablica del Paraguay, en el Paraje Difunta Correa, una&hellip;\t\t\t<\/div>\n\t\t\t<\/div>\n\t<\/article >\n\t<article class=\"post-91288 type-post format-standard has-post-thumbnail   listing-item listing-item-classic listing-item-classic-2  main-term-8 bsw-13 \">\n\t<div class=\"listing-inner item-inner\">\n\t\t\t\t\t<div class=\"featured clearfix\">\n\t\t\t\t<div class=\"term-badges floated\"><span class=\"term-badge term-8\"><a href=\"https:\/\/maxradio923.com.ar\/index.php\/category\/san-juan\/\">SAN JUAN<\/a><\/span><\/div>\t\t\t\t<a  title=\"Gobierno y Producci\u00f3n organizan un conversatorio virtual con Canciller\u00eda en el marco de ArgOliva\" data-src=\"https:\/\/maxradio923.com.ar\/wp-content\/uploads\/2026\/08\/99dc70b541f18b3ecf00f2439a64c91a_L-357x210.jpg\" data-bs-srcset=\"{&quot;baseurl&quot;:&quot;https:\\\/\\\/maxradio923.com.ar\\\/wp-content\\\/uploads\\\/2026\\\/08\\\/&quot;,&quot;sizes&quot;:{&quot;210&quot;:&quot;99dc70b541f18b3ecf00f2439a64c91a_L-210x136.jpg&quot;,&quot;279&quot;:&quot;99dc70b541f18b3ecf00f2439a64c91a_L-279x220.jpg&quot;,&quot;357&quot;:&quot;99dc70b541f18b3ecf00f2439a64c91a_L-357x210.jpg&quot;,&quot;750&quot;:&quot;99dc70b541f18b3ecf00f2439a64c91a_L-750x430.jpg&quot;,&quot;782&quot;:&quot;99dc70b541f18b3ecf00f2439a64c91a_L.jpg&quot;}}\"\t\t\t\t\t\tclass=\"img-holder\" href=\"https:\/\/maxradio923.com.ar\/index.php\/2026\/08\/31\/gobierno-y-produccion-organizan-un-conversatorio-virtual-con-cancilleria-en-el-marco-de-argoliva\/\"><\/a>\n\t\t\t\t\t\t\t<\/div>\n\t\t<h2 class=\"title\">\t\t<a href=\"https:\/\/maxradio923.com.ar\/index.php\/2026\/08\/31\/gobierno-y-produccion-organizan-un-conversatorio-virtual-con-cancilleria-en-el-marco-de-argoliva\/\" class=\"post-title post-url\">\n\t\t\tGobierno y Producci\u00f3n organizan un conversatorio virtual con&hellip;\t\t<\/a>\n\t\t<\/h2>\t\t\t\t\t<div class=\"post-summary\">\n\t\t\t\tEn el marco del 15\u00b0 Encuentro Oliv\u00edcola Internacional ArgOliva 2026, la Provincia realizar\u00e1 una capacitaci\u00f3n virtual enfocada en el impacto del&hellip;\t\t\t<\/div>\n\t\t\t<\/div>\n\t<\/article >\n\t<article class=\"post-91286 type-post format-standard has-post-thumbnail   listing-item listing-item-classic listing-item-classic-2  main-term-8 bsw-13 \">\n\t<div class=\"listing-inner item-inner\">\n\t\t\t\t\t<div class=\"featured clearfix\">\n\t\t\t\t<div class=\"term-badges floated\"><span class=\"term-badge term-8\"><a href=\"https:\/\/maxradio923.com.ar\/index.php\/category\/san-juan\/\">SAN JUAN<\/a><\/span><\/div>\t\t\t\t<a  title=\"Una semana de avances que se traducen en beneficios para los sanjuaninos\" data-src=\"https:\/\/maxradio923.com.ar\/wp-content\/uploads\/2026\/08\/95abb13aaeba5e169d972660a1019131_L-357x210.jpg\" data-bs-srcset=\"{&quot;baseurl&quot;:&quot;https:\\\/\\\/maxradio923.com.ar\\\/wp-content\\\/uploads\\\/2026\\\/08\\\/&quot;,&quot;sizes&quot;:{&quot;210&quot;:&quot;95abb13aaeba5e169d972660a1019131_L-210x136.jpg&quot;,&quot;279&quot;:&quot;95abb13aaeba5e169d972660a1019131_L-279x220.jpg&quot;,&quot;357&quot;:&quot;95abb13aaeba5e169d972660a1019131_L-357x210.jpg&quot;,&quot;750&quot;:&quot;95abb13aaeba5e169d972660a1019131_L-750x430.jpg&quot;,&quot;782&quot;:&quot;95abb13aaeba5e169d972660a1019131_L.jpg&quot;}}\"\t\t\t\t\t\tclass=\"img-holder\" href=\"https:\/\/maxradio923.com.ar\/index.php\/2026\/08\/31\/una-semana-de-avances-que-se-traducen-en-beneficios-para-los-sanjuaninos\/\"><\/a>\n\t\t\t\t\t\t\t<\/div>\n\t\t<h2 class=\"title\">\t\t<a href=\"https:\/\/maxradio923.com.ar\/index.php\/2026\/08\/31\/una-semana-de-avances-que-se-traducen-en-beneficios-para-los-sanjuaninos\/\" class=\"post-title post-url\">\n\t\t\tUna semana de avances que se traducen en beneficios para los&hellip;\t\t<\/a>\n\t\t<\/h2>\t\t\t\t\t<div class=\"post-summary\">\n\t\t\t\tLa semana dej\u00f3 nuevas acciones de gesti\u00f3n que apuntan a mejorar la calidad de vida de los sanjuaninos, con obras y programas que impactan&hellip;\t\t\t<\/div>\n\t\t\t<\/div>\n\t<\/article >\n\t<article class=\"post-91284 type-post format-standard has-post-thumbnail   listing-item listing-item-classic listing-item-classic-2  main-term-8 bsw-13 \">\n\t<div class=\"listing-inner item-inner\">\n\t\t\t\t\t<div class=\"featured clearfix\">\n\t\t\t\t<div class=\"term-badges floated\"><span class=\"term-badge term-8\"><a href=\"https:\/\/maxradio923.com.ar\/index.php\/category\/san-juan\/\">SAN JUAN<\/a><\/span><\/div>\t\t\t\t<a  title=\"Angaco suma controles y estudios preventivos con las Unidades Sanitarias M\u00f3viles\" data-src=\"https:\/\/maxradio923.com.ar\/wp-content\/uploads\/2026\/08\/b03ea741478645134c053f52413ffef4_L-357x210.jpg\" data-bs-srcset=\"{&quot;baseurl&quot;:&quot;https:\\\/\\\/maxradio923.com.ar\\\/wp-content\\\/uploads\\\/2026\\\/08\\\/&quot;,&quot;sizes&quot;:{&quot;210&quot;:&quot;b03ea741478645134c053f52413ffef4_L-210x136.jpg&quot;,&quot;279&quot;:&quot;b03ea741478645134c053f52413ffef4_L-279x220.jpg&quot;,&quot;357&quot;:&quot;b03ea741478645134c053f52413ffef4_L-357x210.jpg&quot;,&quot;750&quot;:&quot;b03ea741478645134c053f52413ffef4_L-750x430.jpg&quot;,&quot;782&quot;:&quot;b03ea741478645134c053f52413ffef4_L.jpg&quot;}}\"\t\t\t\t\t\tclass=\"img-holder\" href=\"https:\/\/maxradio923.com.ar\/index.php\/2026\/08\/31\/angaco-suma-controles-y-estudios-preventivos-con-las-unidades-sanitarias-moviles\/\"><\/a>\n\t\t\t\t\t\t\t<\/div>\n\t\t<h2 class=\"title\">\t\t<a href=\"https:\/\/maxradio923.com.ar\/index.php\/2026\/08\/31\/angaco-suma-controles-y-estudios-preventivos-con-las-unidades-sanitarias-moviles\/\" class=\"post-title post-url\">\n\t\t\tAngaco suma controles y estudios preventivos con las&hellip;\t\t<\/a>\n\t\t<\/h2>\t\t\t\t\t<div class=\"post-summary\">\n\t\t\t\tEl Gobierno de San Juan, a trav\u00e9s del Ministerio de Salud, contin\u00faa acercando atenci\u00f3n sanitaria a las comunidades de toda la provincia mediante&hellip;\t\t\t<\/div>\n\t\t\t<\/div>\n\t<\/article >\n\t<\/div>\n\t\t\t<\/div>\n\t<\/div>\n<\/div>[\/vc_column][vc_column width=&#8221;1\/3&#8243;][vc_raw_html]JTNDaWZyYW1lJTIwc3JjJTNEJTIyaHR0cHMlM0ElMkYlMkZzdHJlYW1pbmcucmFkaW9zZW5saW5lYS5jb20uYXIlMkZjcCUyRndpZGdldHMlMkZwbGF5ZXIlMkZzaW5nbGUlMkYlM0ZwJTNEODQ5OCUyMiUyMGhlaWdodCUzRCUyMjExMCUyMiUyMHdpZHRoJTNEJTIyMTAwJTI1JTIyJTIwc2Nyb2xsaW5nJTNEJTIybm8lMjIlMjBzdHlsZSUzRCUyMmJvcmRlciUzQW5vbmUlM0IlMjIlM0UlM0MlMkZpZnJhbWUlM0UlM0NjZW50ZXIlM0UlM0NhJTIwaHJlZiUzRCUyMmh0dHBzJTNBJTJGJTJGc3RyZWFtaW5nLnJhZGlvc2VubGluZWEuY29tLmFyJTJGY3AlMkZsaW5rcy5waHAlM0ZwJTNEODQ5OCUyNm0lM0RwbHMlMjIlM0UlM0NpbWclMjBzcmMlM0QlMjJodHRwcyUzQSUyRiUyRnN0cmVhbWluZy5yYWRpb3NlbmxpbmVhLmNvbS5hciUyRmNwJTJGaW5jJTJGaW1hZ2VzJTJGcGxheWVycyUyRndpbmFtcDIucG5nJTIyJTIwYm9yZGVyJTNEJTIyMCUyMiUzRSUzQyUyRmElM0UlM0NhJTIwaHJlZiUzRCUyMmh0dHBzJTNBJTJGJTJGc3RyZWFtaW5nLnJhZGlvc2VubGluZWEuY29tLmFyJTJGY3AlMkZsaW5rcy5waHAlM0ZwJTNEODQ5OCUyNm0lM0Rhc3glMjIlM0UlM0NpbWclMjBzcmMlM0QlMjJodHRwcyUzQSUyRiUyRnN0cmVhbWluZy5yYWRpb3NlbmxpbmVhLmNvbS5hciUyRmNwJTJGaW5jJTJGaW1hZ2VzJTJGcGxheWVycyUyRm1lZGlhcGxheWVyLnBuZyUyMiUyMGJvcmRlciUzRCUyMjAlMjIlM0UlM0MlMkZhJTNFJTNDYSUyMGhyZWYlM0QlMjJodHRwcyUzQSUyRiUyRnN0cmVhbWluZy5yYWRpb3NlbmxpbmVhLmNvbS5hciUyRmNwJTJGbGlua3MucGhwJTNGcCUzRDg0OTglMjZtJTNEcGxzJTIyJTNFJTNDaW1nJTIwc3JjJTNEJTIyaHR0cHMlM0ElMkYlMkZzdHJlYW1pbmcucmFkaW9zZW5saW5lYS5jb20uYXIlMkZjcCUyRmluYyUyRmltYWdlcyUyRnBsYXllcnMlMkZ2bGMucG5nJTIyJTIwYm9yZGVyJTNEJTIyMCUyMiUzRSUzQyUyRmElM0UlM0NhJTIwaHJlZiUzRCUyMmh0dHBzJTNBJTJGJTJGc3RyZWFtaW5nLnJhZGlvc2VubGluZWEuY29tLmFyJTJGY3AlMkZsaW5rcy5waHAlM0ZwJTNEODQ5OCUyNm0lM0RwbHMlMjIlM0UlM0NpbWclMjBzcmMlM0QlMjJodHRwcyUzQSUyRiUyRnN0cmVhbWluZy5yYWRpb3NlbmxpbmVhLmNvbS5hciUyRmNwJTJGaW5jJTJGaW1hZ2VzJTJGcGxheWVycyUyRml0dW5lcy5wbmclMjIlMjBib3JkZXIlM0QlMjIwJTIyJTNFJTNDJTJGYSUzRSUzQ2ElMjBocmVmJTNEJTIyaHR0cHMlM0ElMkYlMkZzdHJlYW1pbmcucmFkaW9zZW5saW5lYS5jb20uYXIlMkZjcCUyRmxpbmtzLnBocCUzRnAlM0Q4NDk4JTI2bSUzRHJhbSUyMiUzRSUzQ2ltZyUyMHNyYyUzRCUyMmh0dHBzJTNBJTJGJTJGc3RyZWFtaW5nLnJhZGlvc2VubGluZWEuY29tLmFyJTJGY3AlMkZpbmMlMkZpbWFnZXMlMkZwbGF5ZXJzJTJGcmVhbC5wbmclMjIlMjBib3JkZXIlM0QlMjIwJTIyJTNFJTNDJTJGYSUzRSUzQyUyRmNlbnRlciUzRQ==[\/vc_raw_html]<div class=\" bs-listing bs-listing-listing-grid-1 bs-listing-single-tab\">\t<div class=\"listing listing-grid listing-grid-1 clearfix columns-1\">\n\t\t<article class=\"post-90380 type-post format-standard has-post-thumbnail   listing-item listing-item-grid listing-item-grid-1 main-term-2\">\n\t<div class=\"item-inner\">\n\t\t\t\t\t<div class=\"featured clearfix\">\n\t\t\t\t<div class=\"term-badges floated\"><span class=\"term-badge term-2\"><a href=\"https:\/\/maxradio923.com.ar\/index.php\/category\/economia\/\">ECONOMIA<\/a><\/span><\/div>\t\t\t\t<a  title=\"A cu\u00e1nto llegar\u00e1n el d\u00f3lar y la inflaci\u00f3n en 2026, seg\u00fan los principales analistas de mercado\" data-src=\"https:\/\/maxradio923.com.ar\/wp-content\/uploads\/2026\/06\/P4GNFORI7BEWNMBUWZGDRBTMEQ-357x210.png\" data-bs-srcset=\"{&quot;baseurl&quot;:&quot;https:\\\/\\\/maxradio923.com.ar\\\/wp-content\\\/uploads\\\/2026\\\/06\\\/&quot;,&quot;sizes&quot;:{&quot;210&quot;:&quot;P4GNFORI7BEWNMBUWZGDRBTMEQ-210x136.png&quot;,&quot;279&quot;:&quot;P4GNFORI7BEWNMBUWZGDRBTMEQ-279x220.png&quot;,&quot;357&quot;:&quot;P4GNFORI7BEWNMBUWZGDRBTMEQ-357x210.png&quot;,&quot;750&quot;:&quot;P4GNFORI7BEWNMBUWZGDRBTMEQ-750x430.png&quot;,&quot;1200&quot;:&quot;P4GNFORI7BEWNMBUWZGDRBTMEQ.png&quot;}}\"\t\t\t\t\t\tclass=\"img-holder\" href=\"https:\/\/maxradio923.com.ar\/index.php\/2026\/06\/05\/a-cuanto-llegaran-el-dolar-y-la-inflacion-en-2026-segun-los-principales-analistas-de-mercado-2\/\"><\/a>\n\n\t\t\t\t\t\t\t<\/div>\n\t\t<h2 class=\"title\">\t\t<a href=\"https:\/\/maxradio923.com.ar\/index.php\/2026\/06\/05\/a-cuanto-llegaran-el-dolar-y-la-inflacion-en-2026-segun-los-principales-analistas-de-mercado-2\/\" class=\"post-title post-url\">\n\t\t\tA cu\u00e1nto llegar\u00e1n el d\u00f3lar y la inflaci\u00f3n en 2026, seg\u00fan los principales analistas&hellip;\t\t<\/a>\n\t\t<\/h2>\t\t\t<div class=\"post-summary\">\n\t\t\t\tLos analistas que releva el BCRA proyectaron una inflaci\u00f3n de 30,5% para diciembre de 2026 y un d\u00f3lar mayorista de&hellip;\t\t\t<\/div>\n\t\t\t<\/div>\n\t<\/article >\n\t<article class=\"post-90379 type-post format-standard has-post-thumbnail   listing-item listing-item-grid listing-item-grid-1 main-term-2\">\n\t<div class=\"item-inner\">\n\t\t\t\t\t<div class=\"featured clearfix\">\n\t\t\t\t<div class=\"term-badges floated\"><span class=\"term-badge term-2\"><a href=\"https:\/\/maxradio923.com.ar\/index.php\/category\/economia\/\">ECONOMIA<\/a><\/span><\/div>\t\t\t\t<a  title=\"Las pymes reclaman alivio fiscal y advierten sobre problemas para pagar impuestos\" data-src=\"https:\/\/maxradio923.com.ar\/wp-content\/uploads\/2026\/04\/LJTCDGABH5HFFIOXI7JJAGVIRU-357x210.jpg\" data-bs-srcset=\"{&quot;baseurl&quot;:&quot;https:\\\/\\\/maxradio923.com.ar\\\/wp-content\\\/uploads\\\/2026\\\/04\\\/&quot;,&quot;sizes&quot;:{&quot;210&quot;:&quot;LJTCDGABH5HFFIOXI7JJAGVIRU-210x136.jpg&quot;,&quot;279&quot;:&quot;LJTCDGABH5HFFIOXI7JJAGVIRU-279x220.jpg&quot;,&quot;357&quot;:&quot;LJTCDGABH5HFFIOXI7JJAGVIRU-357x210.jpg&quot;,&quot;750&quot;:&quot;LJTCDGABH5HFFIOXI7JJAGVIRU-750x430.jpg&quot;,&quot;1200&quot;:&quot;LJTCDGABH5HFFIOXI7JJAGVIRU.jpg&quot;}}\"\t\t\t\t\t\tclass=\"img-holder\" href=\"https:\/\/maxradio923.com.ar\/index.php\/2026\/06\/05\/las-pymes-reclaman-alivio-fiscal-y-advierten-sobre-problemas-para-pagar-impuestos\/\"><\/a>\n\n\t\t\t\t\t\t\t<\/div>\n\t\t<h2 class=\"title\">\t\t<a href=\"https:\/\/maxradio923.com.ar\/index.php\/2026\/06\/05\/las-pymes-reclaman-alivio-fiscal-y-advierten-sobre-problemas-para-pagar-impuestos\/\" class=\"post-title post-url\">\n\t\t\tLas pymes reclaman alivio fiscal y advierten sobre problemas para pagar impuestos\t\t<\/a>\n\t\t<\/h2>\t\t\t<div class=\"post-summary\">\n\t\t\t\tSalvador Femenia advirti\u00f3 que muchas pymes no pagan impuestos por falta de caja en un contexto de ca\u00edda del consumo&hellip;\t\t\t<\/div>\n\t\t\t<\/div>\n\t<\/article >\n\t<article class=\"post-90377 type-post format-standard has-post-thumbnail   listing-item listing-item-grid listing-item-grid-1 main-term-2\">\n\t<div class=\"item-inner\">\n\t\t\t\t\t<div class=\"featured clearfix\">\n\t\t\t\t<div class=\"term-badges floated\"><span class=\"term-badge term-2\"><a href=\"https:\/\/maxradio923.com.ar\/index.php\/category\/economia\/\">ECONOMIA<\/a><\/span><\/div>\t\t\t\t<a  title=\"Cu\u00e1nto subi\u00f3 el metro cuadrado en CABA en los \u00faltimos diez a\u00f1os y qu\u00e9 pas\u00f3 con la brecha de precios entre norte y sur\" data-src=\"https:\/\/maxradio923.com.ar\/wp-content\/uploads\/2026\/06\/5Z53ZDXX3FF3LIQPFVHUMN6YR4-357x210.jpg\" data-bs-srcset=\"{&quot;baseurl&quot;:&quot;https:\\\/\\\/maxradio923.com.ar\\\/wp-content\\\/uploads\\\/2026\\\/06\\\/&quot;,&quot;sizes&quot;:{&quot;210&quot;:&quot;5Z53ZDXX3FF3LIQPFVHUMN6YR4-210x136.jpg&quot;,&quot;279&quot;:&quot;5Z53ZDXX3FF3LIQPFVHUMN6YR4-279x220.jpg&quot;,&quot;357&quot;:&quot;5Z53ZDXX3FF3LIQPFVHUMN6YR4-357x210.jpg&quot;,&quot;750&quot;:&quot;5Z53ZDXX3FF3LIQPFVHUMN6YR4-750x430.jpg&quot;,&quot;1200&quot;:&quot;5Z53ZDXX3FF3LIQPFVHUMN6YR4.jpg&quot;}}\"\t\t\t\t\t\tclass=\"img-holder\" href=\"https:\/\/maxradio923.com.ar\/index.php\/2026\/06\/05\/cuanto-subio-el-metro-cuadrado-en-caba-en-los-ultimos-diez-anos-y-que-paso-con-la-brecha-de-precios-entre-norte-y-sur\/\"><\/a>\n\n\t\t\t\t\t\t\t<\/div>\n\t\t<h2 class=\"title\">\t\t<a href=\"https:\/\/maxradio923.com.ar\/index.php\/2026\/06\/05\/cuanto-subio-el-metro-cuadrado-en-caba-en-los-ultimos-diez-anos-y-que-paso-con-la-brecha-de-precios-entre-norte-y-sur\/\" class=\"post-title post-url\">\n\t\t\tCu\u00e1nto subi\u00f3 el metro cuadrado en CABA en los \u00faltimos diez a\u00f1os y qu\u00e9 pas\u00f3 con la&hellip;\t\t<\/a>\n\t\t<\/h2>\t\t\t<div class=\"post-summary\">\n\t\t\t\tEl valor promedio del suelo en la Ciudad de Buenos Aires se ubic\u00f3 en 2026 en 2.409 d\u00f3lares por metro cuadrado,&hellip;\t\t\t<\/div>\n\t\t\t<\/div>\n\t<\/article >\n\t<\/div>\n\t<\/div>[\/vc_column][\/vc_row][vc_row full_width=&#8221;stretch_row_content&#8221;][vc_column]<div class=\" bs-listing bs-listing-modern-grid-listing-4 bs-listing-single-tab\">\t<div class=\"listing listing-modern-grid listing-modern-grid-4 clearfix  slider-overlay-simple columns-4\">\n\t\t<article class=\"post-61488 type-post format-standard has-post-thumbnail  listing-item-1 listing-item listing-mg-item listing-mg-4-item main-term-3 bsw-300\">\n\t<div class=\"item-content\">\n\t\t<a  title=\"EE.UU. designa al C\u00e1rtel de los Soles como &#8220;organizaci\u00f3n terrorista&#8221;:\" data-src=\"https:\/\/maxradio923.com.ar\/wp-content\/uploads\/2025\/11\/maduro-pide-peace-368x386.jpg\" data-bs-srcset=\"{&quot;baseurl&quot;:&quot;https:\\\/\\\/maxradio923.com.ar\\\/wp-content\\\/uploads\\\/2025\\\/11\\\/&quot;,&quot;sizes&quot;:{&quot;180&quot;:&quot;maduro-pide-peace-180x217.jpg&quot;,&quot;267&quot;:&quot;maduro-pide-peace-267x322.jpg&quot;,&quot;368&quot;:&quot;maduro-pide-peace-368x386.jpg&quot;,&quot;686&quot;:&quot;maduro-pide-peace.jpg&quot;}}\"\t\t\t\tclass=\"img-cont\" href=\"https:\/\/maxradio923.com.ar\/index.php\/2025\/11\/25\/ee-uu-designa-al-cartel-de-los-soles-como-organizacion-terrorista\/\"><\/a>\n\t\t<div class=\"term-badges floated\"><span class=\"term-badge term-3\"><a href=\"https:\/\/maxradio923.com.ar\/index.php\/category\/el-mundo\/\">EL MUNDO<\/a><\/span><\/div>\t\t<div class=\"content-container\">\n\t\t\t<h2 class=\"title\">\t\t\t<a href=\"https:\/\/maxradio923.com.ar\/index.php\/2025\/11\/25\/ee-uu-designa-al-cartel-de-los-soles-como-organizacion-terrorista\/\" class=\"post-url post-title\">\n\t\t\t\tEE.UU. designa al C\u00e1rtel de los Soles como &#8220;organizaci\u00f3n&hellip;\t\t\t<\/a>\n\t\t\t<\/h2>\t\t<div class=\"post-meta\">\n\n\t\t\t\t\t\t\t<a href=\"https:\/\/maxradio923.com.ar\/index.php\/author\/prensa\/\"\n\t\t\t\t   title=\"Art\u00edculos de autor\"\n\t\t\t\t   class=\"post-author-a\">\n\t\t\t\t\t<i class=\"post-author author\">\n\t\t\t\t\t\tPrensa Max Radio\t\t\t\t\t<\/i>\n\t\t\t\t<\/a>\n\t\t\t\t\t\t\t<span class=\"time\"><time class=\"post-published updated\"\n\t\t\t\t                         datetime=\"2025-11-25T18:36:44-03:00\">martes 25 de noviembre de 2025<\/time><\/span>\n\t\t\t\t\t\t<\/div>\n\t\t\t\t<\/div>\n\t<\/div>\n\t<\/article >\n\t<article class=\"post-26325 type-post format-standard has-post-thumbnail  listing-item-2 listing-item listing-mg-item listing-mg-4-item main-term-7 bsw-300\">\n\t<div class=\"item-content\">\n\t\t<a  title=\"El abogado de cristina fdk:  La Corte suprema va a ver esta aberracion de sentencia y la va anular\" data-src=\"https:\/\/maxradio923.com.ar\/wp-content\/uploads\/2024\/11\/doblan.jpg\" data-bs-srcset=\"{&quot;baseurl&quot;:&quot;https:\\\/\\\/maxradio923.com.ar\\\/wp-content\\\/uploads\\\/2024\\\/11\\\/&quot;,&quot;sizes&quot;:{&quot;180&quot;:&quot;doblan-180x207.jpg&quot;,&quot;267&quot;:&quot;doblan-267x207.jpg&quot;,&quot;368&quot;:&quot;doblan.jpg&quot;}}\"\t\t\t\tclass=\"img-cont\" href=\"https:\/\/maxradio923.com.ar\/index.php\/2024\/11\/15\/el-abogado-de-cristina-fdk-la-corte-suprema-va-a-ver-esta-aberracion-de-sentencia-y-la-va-anular\/\"><\/a>\n\t\t<div class=\"term-badges floated\"><span class=\"term-badge term-7\"><a href=\"https:\/\/maxradio923.com.ar\/index.php\/category\/politica\/\">POLITICA<\/a><\/span><\/div>\t\t<div class=\"content-container\">\n\t\t\t<h2 class=\"title\">\t\t\t<a href=\"https:\/\/maxradio923.com.ar\/index.php\/2024\/11\/15\/el-abogado-de-cristina-fdk-la-corte-suprema-va-a-ver-esta-aberracion-de-sentencia-y-la-va-anular\/\" class=\"post-url post-title\">\n\t\t\t\tEl abogado de cristina fdk:  La Corte suprema va a ver esta aberracion de&hellip;\t\t\t<\/a>\n\t\t\t<\/h2>\t\t<div class=\"post-meta\">\n\n\t\t\t\t\t\t\t<a href=\"https:\/\/maxradio923.com.ar\/index.php\/author\/prensa\/\"\n\t\t\t\t   title=\"Art\u00edculos de autor\"\n\t\t\t\t   class=\"post-author-a\">\n\t\t\t\t\t<i class=\"post-author author\">\n\t\t\t\t\t\tPrensa Max Radio\t\t\t\t\t<\/i>\n\t\t\t\t<\/a>\n\t\t\t\t\t\t\t<span class=\"time\"><time class=\"post-published updated\"\n\t\t\t\t                         datetime=\"2024-11-15T08:33:00-03:00\">viernes 15 de noviembre de 2024<\/time><\/span>\n\t\t\t\t\t\t<\/div>\n\t\t\t\t<\/div>\n\t<\/div>\n\t<\/article >\n\t<article class=\"post-26322 type-post format-standard has-post-thumbnail  listing-item-3 listing-item listing-mg-item listing-mg-4-item main-term-7 bsw-300\">\n\t<div class=\"item-content\">\n\t\t<a  title=\"Donal Trump a Milei: Tu discurso fue espectacular, pero tu trabajo en Argentina es incluso Mejor\" data-src=\"https:\/\/maxradio923.com.ar\/wp-content\/uploads\/2024\/11\/milei-y-trumpjpg-368x445.jpg\" data-bs-srcset=\"{&quot;baseurl&quot;:&quot;https:\\\/\\\/maxradio923.com.ar\\\/wp-content\\\/uploads\\\/2024\\\/11\\\/&quot;,&quot;sizes&quot;:{&quot;180&quot;:&quot;milei-y-trumpjpg-180x217.jpg&quot;,&quot;267&quot;:&quot;milei-y-trumpjpg-267x322.jpg&quot;,&quot;368&quot;:&quot;milei-y-trumpjpg-368x445.jpg&quot;,&quot;2560&quot;:&quot;milei-y-trumpjpg-scaled.jpg&quot;}}\"\t\t\t\tclass=\"img-cont\" href=\"https:\/\/maxradio923.com.ar\/index.php\/2024\/11\/15\/donal-trump-a-milei-tu-discurso-fue-espectacular-pero-tu-trabajo-en-argentina-es-incluso-mejor\/\"><\/a>\n\t\t<div class=\"term-badges floated\"><span class=\"term-badge term-7\"><a href=\"https:\/\/maxradio923.com.ar\/index.php\/category\/politica\/\">POLITICA<\/a><\/span><\/div>\t\t<div class=\"content-container\">\n\t\t\t<h2 class=\"title\">\t\t\t<a href=\"https:\/\/maxradio923.com.ar\/index.php\/2024\/11\/15\/donal-trump-a-milei-tu-discurso-fue-espectacular-pero-tu-trabajo-en-argentina-es-incluso-mejor\/\" class=\"post-url post-title\">\n\t\t\t\tDonal Trump a Milei: Tu discurso fue espectacular, pero tu trabajo en Argentina&hellip;\t\t\t<\/a>\n\t\t\t<\/h2>\t\t<div class=\"post-meta\">\n\n\t\t\t\t\t\t\t<a href=\"https:\/\/maxradio923.com.ar\/index.php\/author\/prensa\/\"\n\t\t\t\t   title=\"Art\u00edculos de autor\"\n\t\t\t\t   class=\"post-author-a\">\n\t\t\t\t\t<i class=\"post-author author\">\n\t\t\t\t\t\tPrensa Max Radio\t\t\t\t\t<\/i>\n\t\t\t\t<\/a>\n\t\t\t\t\t\t\t<span class=\"time\"><time class=\"post-published updated\"\n\t\t\t\t                         datetime=\"2024-11-15T08:25:40-03:00\">viernes 15 de noviembre de 2024<\/time><\/span>\n\t\t\t\t\t\t<\/div>\n\t\t\t\t<\/div>\n\t<\/div>\n\t<\/article >\n\t<article class=\"post-25923 type-post format-standard has-post-thumbnail  listing-item-4 listing-item listing-mg-item listing-mg-4-item main-term-7 bsw-300\">\n\t<div class=\"item-content\">\n\t\t<a  title=\"Detuvieron a un sospechoso por haber amenazado al Presidente en su \u00faltima visita a Rosario\" data-src=\"https:\/\/maxradio923.com.ar\/wp-content\/uploads\/2024\/10\/V3QX7UMGRFBCDLVXGMIQISKDJE-368x445.png\" data-bs-srcset=\"{&quot;baseurl&quot;:&quot;https:\\\/\\\/maxradio923.com.ar\\\/wp-content\\\/uploads\\\/2024\\\/10\\\/&quot;,&quot;sizes&quot;:{&quot;180&quot;:&quot;V3QX7UMGRFBCDLVXGMIQISKDJE-180x217.png&quot;,&quot;267&quot;:&quot;V3QX7UMGRFBCDLVXGMIQISKDJE-267x322.png&quot;,&quot;368&quot;:&quot;V3QX7UMGRFBCDLVXGMIQISKDJE-368x445.png&quot;,&quot;1200&quot;:&quot;V3QX7UMGRFBCDLVXGMIQISKDJE.png&quot;}}\"\t\t\t\tclass=\"img-cont\" href=\"https:\/\/maxradio923.com.ar\/index.php\/2024\/10\/09\/detuvieron-a-un-sospechoso-por-haber-amenazado-al-presidente-en-su-ultima-visita-a-rosario\/\"><\/a>\n\t\t<div class=\"term-badges floated\"><span class=\"term-badge term-7\"><a href=\"https:\/\/maxradio923.com.ar\/index.php\/category\/politica\/\">POLITICA<\/a><\/span><\/div>\t\t<div class=\"content-container\">\n\t\t\t<h2 class=\"title\">\t\t\t<a href=\"https:\/\/maxradio923.com.ar\/index.php\/2024\/10\/09\/detuvieron-a-un-sospechoso-por-haber-amenazado-al-presidente-en-su-ultima-visita-a-rosario\/\" class=\"post-url post-title\">\n\t\t\t\tDetuvieron a un sospechoso por haber amenazado al Presidente en su \u00faltima visita&hellip;\t\t\t<\/a>\n\t\t\t<\/h2>\t\t<div class=\"post-meta\">\n\n\t\t\t\t\t\t\t<a href=\"https:\/\/maxradio923.com.ar\/index.php\/author\/prensa\/\"\n\t\t\t\t   title=\"Art\u00edculos de autor\"\n\t\t\t\t   class=\"post-author-a\">\n\t\t\t\t\t<i class=\"post-author author\">\n\t\t\t\t\t\tPrensa Max Radio\t\t\t\t\t<\/i>\n\t\t\t\t<\/a>\n\t\t\t\t\t\t\t<span class=\"time\"><time class=\"post-published updated\"\n\t\t\t\t                         datetime=\"2024-10-09T02:15:02-03:00\">mi\u00e9rcoles 9 de octubre de 2024<\/time><\/span>\n\t\t\t\t\t\t<\/div>\n\t\t\t\t<\/div>\n\t<\/div>\n\t<\/article >\n\t<\/div>\n\t<\/div>[\/vc_column][\/vc_row][vc_row][vc_column width=&#8221;1\/2&#8243;]<div class=\" bs-listing bs-listing-listing-mix-4-5 bs-listing-single-tab\">\t<div class=\"listing listing-mix-4-5 \">\n\t\t<div class=\"item-inner clearfix\">\n\t\t\t\t<div class=\"listing listing-classic listing-classic-2 clearfix columns-1 columns-1\">\n\t\t<article class=\"post-91201 type-post format-standard has-post-thumbnail   listing-item listing-item-classic listing-item-classic-2  main-term-3 bsw-13 \">\n\t<div class=\"listing-inner item-inner\">\n\t\t\t\t\t<div class=\"featured clearfix\">\n\t\t\t\t<div class=\"term-badges floated\"><span class=\"term-badge term-3\"><a href=\"https:\/\/maxradio923.com.ar\/index.php\/category\/el-mundo\/\">EL MUNDO<\/a><\/span><\/div>\t\t\t\t<a  title=\"Ofrecieron recompensa de 10 millones de d\u00f3lares a quien mate a Barron Trump: \u201cEsto es solo el principio\u201d\" data-src=\"https:\/\/maxradio923.com.ar\/wp-content\/uploads\/2026\/08\/barron-trump-donald-trump-inauguration-012025-3bf63b80cbe147388f5419c4a1f453f3-750x430.jpg\" data-bs-srcset=\"{&quot;baseurl&quot;:&quot;https:\\\/\\\/maxradio923.com.ar\\\/wp-content\\\/uploads\\\/2026\\\/08\\\/&quot;,&quot;sizes&quot;:{&quot;210&quot;:&quot;barron-trump-donald-trump-inauguration-012025-3bf63b80cbe147388f5419c4a1f453f3-210x136.jpg&quot;,&quot;279&quot;:&quot;barron-trump-donald-trump-inauguration-012025-3bf63b80cbe147388f5419c4a1f453f3-279x220.jpg&quot;,&quot;357&quot;:&quot;barron-trump-donald-trump-inauguration-012025-3bf63b80cbe147388f5419c4a1f453f3-357x210.jpg&quot;,&quot;750&quot;:&quot;barron-trump-donald-trump-inauguration-012025-3bf63b80cbe147388f5419c4a1f453f3-750x430.jpg&quot;,&quot;1500&quot;:&quot;barron-trump-donald-trump-inauguration-012025-3bf63b80cbe147388f5419c4a1f453f3.jpg&quot;}}\"\t\t\t\t\t\tclass=\"img-holder\" href=\"https:\/\/maxradio923.com.ar\/index.php\/2026\/08\/24\/ofrecieron-recompensa-de-10-millones-de-dolares-a-quien-mate-a-barron-trump-esto-es-solo-el-principio\/\"><\/a>\n\t\t\t\t\t\t\t<\/div>\n\t\t<h2 class=\"title\">\t\t<a href=\"https:\/\/maxradio923.com.ar\/index.php\/2026\/08\/24\/ofrecieron-recompensa-de-10-millones-de-dolares-a-quien-mate-a-barron-trump-esto-es-solo-el-principio\/\" class=\"post-title post-url\">\n\t\t\tOfrecieron recompensa de 10 millones de d\u00f3lares a quien mate a Barron Trump: \u201cEsto es solo el principio\u201d\t\t<\/a>\n\t\t<\/h2>\t\t\t\t\t<div class=\"post-summary\">\n\t\t\t\tMedios estatales iran\u00edes difundieron un video que revela supuestas ubicaciones de la universidad del hijo menor de Donald Trump y detalles de su custodia\r\nLos Medios Estatales Iranies difundieron un video en el que se\u00a0amenaza con asesinar a Barron Trump, el hijo menor del presidente estadounidense Donald Trump, y se afirma que existe una\u00a0recompensa&hellip;\t\t\t<\/div>\n\t\t\t<\/div>\n\t<\/article >\n\t<\/div>\n\t\t<div class=\"listing listing-classic listing-classic-2 clearfix columns-2 columns-1\">\n\t\t<article class=\"post-86945 type-post format-standard has-post-thumbnail   listing-item listing-item-classic listing-item-classic-2  main-term-3 bsw-13 \">\n\t<div class=\"listing-inner item-inner\">\n\t\t\t\t\t<div class=\"featured clearfix\">\n\t\t\t\t<div class=\"term-badges floated\"><span class=\"term-badge term-3\"><a href=\"https:\/\/maxradio923.com.ar\/index.php\/category\/el-mundo\/\">EL MUNDO<\/a><\/span><\/div>\t\t\t\t<a  title=\"La polic\u00eda de R\u00edo hall\u00f3 un artefacto explosivo en Copacabana a semanas del concierto gratuito de Shakira\" data-src=\"https:\/\/maxradio923.com.ar\/wp-content\/uploads\/2026\/04\/W5ZRTRLVV5G5LMOSB2YB5DPVV4-357x210.jpg\" data-bs-srcset=\"{&quot;baseurl&quot;:&quot;https:\\\/\\\/maxradio923.com.ar\\\/wp-content\\\/uploads\\\/2026\\\/04\\\/&quot;,&quot;sizes&quot;:{&quot;210&quot;:&quot;W5ZRTRLVV5G5LMOSB2YB5DPVV4-210x136.jpg&quot;,&quot;279&quot;:&quot;W5ZRTRLVV5G5LMOSB2YB5DPVV4-279x220.jpg&quot;,&quot;357&quot;:&quot;W5ZRTRLVV5G5LMOSB2YB5DPVV4-357x210.jpg&quot;,&quot;750&quot;:&quot;W5ZRTRLVV5G5LMOSB2YB5DPVV4-750x430.jpg&quot;,&quot;1200&quot;:&quot;W5ZRTRLVV5G5LMOSB2YB5DPVV4.JPG&quot;}}\"\t\t\t\t\t\tclass=\"img-holder\" href=\"https:\/\/maxradio923.com.ar\/index.php\/2026\/04\/13\/la-policia-de-rio-hallo-un-artefacto-explosivo-en-copacabana-a-semanas-del-concierto-gratuito-de-shakira\/\"><\/a>\n\t\t\t\t\t\t\t<\/div>\n\t\t<h2 class=\"title\">\t\t<a href=\"https:\/\/maxradio923.com.ar\/index.php\/2026\/04\/13\/la-policia-de-rio-hallo-un-artefacto-explosivo-en-copacabana-a-semanas-del-concierto-gratuito-de-shakira\/\" class=\"post-title post-url\">\n\t\t\tLa polic\u00eda de R\u00edo hall\u00f3 un artefacto explosivo en Copacabana&hellip;\t\t<\/a>\n\t\t<\/h2>\t\t\t\t\t<div class=\"post-summary\">\n\t\t\t\tImagen a\u00e9rea de la playa de Copacabana prepar\u00e1ndose para la Nochevieja en R\u00edo de Janeiro, Brasil, 31 de diciembre de 2025\nREUTERS\/Janaina QuinetLas fuerzas de&hellip;\t\t\t<\/div>\n\t\t\t<\/div>\n\t<\/article >\n\t<article class=\"post-86935 type-post format-standard has-post-thumbnail   listing-item listing-item-classic listing-item-classic-2  main-term-3 bsw-13 \">\n\t<div class=\"listing-inner item-inner\">\n\t\t\t\t\t<div class=\"featured clearfix\">\n\t\t\t\t<div class=\"term-badges floated\"><span class=\"term-badge term-3\"><a href=\"https:\/\/maxradio923.com.ar\/index.php\/category\/el-mundo\/\">EL MUNDO<\/a><\/span><\/div>\t\t\t\t<a  title=\"Qu\u00e9 cambia en Europa tras la derrota de Orb\u00e1n en Hungr\u00eda: acceso a fondos y giro pol\u00edtico\" data-src=\"https:\/\/maxradio923.com.ar\/wp-content\/uploads\/2026\/04\/YMSB3GFDN5CQFC2LY52FKK3SKA-357x210.jpg\" data-bs-srcset=\"{&quot;baseurl&quot;:&quot;https:\\\/\\\/maxradio923.com.ar\\\/wp-content\\\/uploads\\\/2026\\\/04\\\/&quot;,&quot;sizes&quot;:{&quot;210&quot;:&quot;YMSB3GFDN5CQFC2LY52FKK3SKA-210x136.jpg&quot;,&quot;279&quot;:&quot;YMSB3GFDN5CQFC2LY52FKK3SKA-279x220.jpg&quot;,&quot;357&quot;:&quot;YMSB3GFDN5CQFC2LY52FKK3SKA-357x210.jpg&quot;,&quot;750&quot;:&quot;YMSB3GFDN5CQFC2LY52FKK3SKA-750x430.jpg&quot;,&quot;1200&quot;:&quot;YMSB3GFDN5CQFC2LY52FKK3SKA.jpg&quot;}}\"\t\t\t\t\t\tclass=\"img-holder\" href=\"https:\/\/maxradio923.com.ar\/index.php\/2026\/04\/13\/que-cambia-en-europa-tras-la-derrota-de-orban-en-hungria-acceso-a-fondos-y-giro-politico\/\"><\/a>\n\t\t\t\t\t\t\t<\/div>\n\t\t<h2 class=\"title\">\t\t<a href=\"https:\/\/maxradio923.com.ar\/index.php\/2026\/04\/13\/que-cambia-en-europa-tras-la-derrota-de-orban-en-hungria-acceso-a-fondos-y-giro-politico\/\" class=\"post-title post-url\">\n\t\t\tQu\u00e9 cambia en Europa tras la derrota de Orb\u00e1n en Hungr\u00eda:&hellip;\t\t<\/a>\n\t\t<\/h2>\t\t\t\t\t<div class=\"post-summary\">\n\t\t\t\tEl resultado electoral redefine el mapa pol\u00edtico de la Uni\u00f3n Europea y modifica relaciones con Rusia, Estados Unidos y ChinaEl resultado de las elecciones en&hellip;\t\t\t<\/div>\n\t\t\t<\/div>\n\t<\/article >\n\t<article class=\"post-86925 type-post format-standard has-post-thumbnail   listing-item listing-item-classic listing-item-classic-2  main-term-3 bsw-13 \">\n\t<div class=\"listing-inner item-inner\">\n\t\t\t\t\t<div class=\"featured clearfix\">\n\t\t\t\t<div class=\"term-badges floated\"><span class=\"term-badge term-3\"><a href=\"https:\/\/maxradio923.com.ar\/index.php\/category\/el-mundo\/\">EL MUNDO<\/a><\/span><\/div>\t\t\t\t<a  title=\"Meloni calific\u00f3 de \u201cinaceptables\u201d las palabras de Trump contra el papa Le\u00f3n XIV\" data-src=\"https:\/\/maxradio923.com.ar\/wp-content\/uploads\/2026\/04\/4TW3MPZS35FWVAAMQAJNVFRUZQ-357x210.jpg\" data-bs-srcset=\"{&quot;baseurl&quot;:&quot;https:\\\/\\\/maxradio923.com.ar\\\/wp-content\\\/uploads\\\/2026\\\/04\\\/&quot;,&quot;sizes&quot;:{&quot;210&quot;:&quot;4TW3MPZS35FWVAAMQAJNVFRUZQ-210x136.jpg&quot;,&quot;279&quot;:&quot;4TW3MPZS35FWVAAMQAJNVFRUZQ-279x220.jpg&quot;,&quot;357&quot;:&quot;4TW3MPZS35FWVAAMQAJNVFRUZQ-357x210.jpg&quot;,&quot;750&quot;:&quot;4TW3MPZS35FWVAAMQAJNVFRUZQ-750x430.jpg&quot;,&quot;1200&quot;:&quot;4TW3MPZS35FWVAAMQAJNVFRUZQ.JPG&quot;}}\"\t\t\t\t\t\tclass=\"img-holder\" href=\"https:\/\/maxradio923.com.ar\/index.php\/2026\/04\/13\/meloni-califico-de-inaceptables-las-palabras-de-trump-contra-el-papa-leon-xiv\/\"><\/a>\n\t\t\t\t\t\t\t<\/div>\n\t\t<h2 class=\"title\">\t\t<a href=\"https:\/\/maxradio923.com.ar\/index.php\/2026\/04\/13\/meloni-califico-de-inaceptables-las-palabras-de-trump-contra-el-papa-leon-xiv\/\" class=\"post-title post-url\">\n\t\t\tMeloni calific\u00f3 de \u201cinaceptables\u201d las palabras de Trump&hellip;\t\t<\/a>\n\t\t<\/h2>\t\t\t\t\t<div class=\"post-summary\">\n\t\t\t\tFOTO DE ARCHIVO: La primera ministra italiana, Giorgia Meloni, observa mientras espera la llegada del presidente de Chipre, Nikos Christodoulides, en el Palacio&hellip;\t\t\t<\/div>\n\t\t\t<\/div>\n\t<\/article >\n\t<article class=\"post-86916 type-post format-standard has-post-thumbnail   listing-item listing-item-classic listing-item-classic-2  main-term-3 bsw-13 \">\n\t<div class=\"listing-inner item-inner\">\n\t\t\t\t\t<div class=\"featured clearfix\">\n\t\t\t\t<div class=\"term-badges floated\"><span class=\"term-badge term-3\"><a href=\"https:\/\/maxradio923.com.ar\/index.php\/category\/el-mundo\/\">EL MUNDO<\/a><\/span><\/div>\t\t\t\t<a  title=\"Trump dijo que Ir\u00e1n pidi\u00f3 reabrir el di\u00e1logo tras el fracaso en Islamabad: \u201cQuieren llegar a un acuerdo a toda costa\u201d\" data-src=\"https:\/\/maxradio923.com.ar\/wp-content\/uploads\/2026\/04\/52453BZ5QJCLPNIDDM23RZJJ2A-357x210.jpg\" data-bs-srcset=\"{&quot;baseurl&quot;:&quot;https:\\\/\\\/maxradio923.com.ar\\\/wp-content\\\/uploads\\\/2026\\\/04\\\/&quot;,&quot;sizes&quot;:{&quot;210&quot;:&quot;52453BZ5QJCLPNIDDM23RZJJ2A-210x136.jpg&quot;,&quot;279&quot;:&quot;52453BZ5QJCLPNIDDM23RZJJ2A-279x220.jpg&quot;,&quot;357&quot;:&quot;52453BZ5QJCLPNIDDM23RZJJ2A-357x210.jpg&quot;,&quot;750&quot;:&quot;52453BZ5QJCLPNIDDM23RZJJ2A-750x430.jpg&quot;,&quot;1200&quot;:&quot;52453BZ5QJCLPNIDDM23RZJJ2A.JPG&quot;}}\"\t\t\t\t\t\tclass=\"img-holder\" href=\"https:\/\/maxradio923.com.ar\/index.php\/2026\/04\/13\/trump-dijo-que-iran-pidio-reabrir-el-dialogo-tras-el-fracaso-en-islamabad-quieren-llegar-a-un-acuerdo-a-toda-costa\/\"><\/a>\n\t\t\t\t\t\t\t<\/div>\n\t\t<h2 class=\"title\">\t\t<a href=\"https:\/\/maxradio923.com.ar\/index.php\/2026\/04\/13\/trump-dijo-que-iran-pidio-reabrir-el-dialogo-tras-el-fracaso-en-islamabad-quieren-llegar-a-un-acuerdo-a-toda-costa\/\" class=\"post-title post-url\">\n\t\t\tTrump dijo que Ir\u00e1n pidi\u00f3 reabrir el di\u00e1logo tras el fracaso&hellip;\t\t<\/a>\n\t\t<\/h2>\t\t\t\t\t<div class=\"post-summary\">\n\t\t\t\tTrump dijo que Ir\u00e1n pidi\u00f3 reabrir el di\u00e1logo tras el fracaso en Islamabad: \u201cQuieren llegar a un acuerdo a toda costa\u201d  El presidente de Estados Unidos, Donald&hellip;\t\t\t<\/div>\n\t\t\t<\/div>\n\t<\/article >\n\t<\/div>\n\t\t\t<\/div>\n\t<\/div>\n<\/div>[\/vc_column][vc_column width=&#8221;1\/2&#8243;]<div class=\" bs-listing bs-listing-listing-mix-4-5 bs-listing-single-tab\">\t<div class=\"listing listing-mix-4-5 \">\n\t\t<div class=\"item-inner clearfix\">\n\t\t\t\t<div class=\"listing listing-classic listing-classic-2 clearfix columns-1 columns-1\">\n\t\t<article class=\"post-19399 type-post format-standard has-post-thumbnail   listing-item listing-item-classic listing-item-classic-2  main-term-5 bsw-13 \">\n\t<div class=\"listing-inner item-inner\">\n\t\t\t\t\t<div class=\"featured clearfix\">\n\t\t\t\t<div class=\"term-badges floated\"><span class=\"term-badge term-5\"><a href=\"https:\/\/maxradio923.com.ar\/index.php\/category\/municipales\/\">MUNICIPALES<\/a><\/span><\/div>\t\t\t\t<a  title=\"Rivadavia Ciudad te informa sobre los Operativos de Limpieza de esta semana\" data-src=\"https:\/\/maxradio923.com.ar\/wp-content\/uploads\/2024\/03\/rivadavia-limpio-750x430.jpg\" data-bs-srcset=\"{&quot;baseurl&quot;:&quot;https:\\\/\\\/maxradio923.com.ar\\\/wp-content\\\/uploads\\\/2024\\\/03\\\/&quot;,&quot;sizes&quot;:{&quot;210&quot;:&quot;rivadavia-limpio-210x136.jpg&quot;,&quot;279&quot;:&quot;rivadavia-limpio-279x220.jpg&quot;,&quot;357&quot;:&quot;rivadavia-limpio-357x210.jpg&quot;,&quot;750&quot;:&quot;rivadavia-limpio-750x430.jpg&quot;,&quot;1600&quot;:&quot;rivadavia-limpio.jpg&quot;}}\"\t\t\t\t\t\tclass=\"img-holder\" href=\"https:\/\/maxradio923.com.ar\/index.php\/2024\/03\/12\/rivadavia-ciudad-te-informa-sobre-los-operativos-de-limpieza-de-esta-semana\/\"><\/a>\n\t\t\t\t\t\t\t<\/div>\n\t\t<h2 class=\"title\">\t\t<a href=\"https:\/\/maxradio923.com.ar\/index.php\/2024\/03\/12\/rivadavia-ciudad-te-informa-sobre-los-operativos-de-limpieza-de-esta-semana\/\" class=\"post-title post-url\">\n\t\t\tRivadavia Ciudad te informa sobre los Operativos de Limpieza de esta semana\t\t<\/a>\n\t\t<\/h2>\t\t\t\t\t<div class=\"post-summary\">\n\t\t\t\tEste pr\u00f3ximo mi\u00e9rcoles 13 de marzo, el personal especial de operativos recorrer\u00e1 en la zona norte, el barrio MUDAP, el barrio COOPERARC 8 (por calle Coll desde callej\u00f3n Ullum hasta calle Cal\u00edvar), el loteo Arrayanes y el loteo Castro.\n Mientras que el jueves 14 de marzo, nuestros agentes de servicios har\u00e1n lo propio en la zona centro municipal por&hellip;\t\t\t<\/div>\n\t\t\t<\/div>\n\t<\/article >\n\t<\/div>\n\t\t<div class=\"listing listing-classic listing-classic-2 clearfix columns-2 columns-1\">\n\t\t<article class=\"post-19397 type-post format-standard has-post-thumbnail   listing-item listing-item-classic listing-item-classic-2  main-term-5 bsw-13 \">\n\t<div class=\"listing-inner item-inner\">\n\t\t\t\t\t<div class=\"featured clearfix\">\n\t\t\t\t<div class=\"term-badges floated\"><span class=\"term-badge term-5\"><a href=\"https:\/\/maxradio923.com.ar\/index.php\/category\/municipales\/\">MUNICIPALES<\/a><\/span><\/div>\t\t\t\t<a  title=\"La IV Jornada a campo de sanidad vegetal se desarrollar\u00e1 en Sarmiento\" data-src=\"https:\/\/maxradio923.com.ar\/wp-content\/uploads\/2024\/03\/WhatsApp-Image-2024-03-11-at-18.14.25-1-357x210.jpe\" data-bs-srcset=\"{&quot;baseurl&quot;:&quot;https:\\\/\\\/maxradio923.com.ar\\\/wp-content\\\/uploads\\\/2024\\\/03\\\/&quot;,&quot;sizes&quot;:{&quot;210&quot;:&quot;WhatsApp-Image-2024-03-11-at-18.14.25-1-210x136.jpe&quot;,&quot;279&quot;:&quot;WhatsApp-Image-2024-03-11-at-18.14.25-1-279x220.jpe&quot;,&quot;357&quot;:&quot;WhatsApp-Image-2024-03-11-at-18.14.25-1-357x210.jpe&quot;,&quot;750&quot;:&quot;WhatsApp-Image-2024-03-11-at-18.14.25-1-750x430.jpe&quot;,&quot;1200&quot;:&quot;WhatsApp-Image-2024-03-11-at-18.14.25-1.jpe&quot;}}\"\t\t\t\t\t\tclass=\"img-holder\" href=\"https:\/\/maxradio923.com.ar\/index.php\/2024\/03\/12\/la-iv-jornada-a-campo-de-sanidad-vegetal-se-desarrollara-en-sarmiento\/\"><\/a>\n\t\t\t\t\t\t\t<\/div>\n\t\t<h2 class=\"title\">\t\t<a href=\"https:\/\/maxradio923.com.ar\/index.php\/2024\/03\/12\/la-iv-jornada-a-campo-de-sanidad-vegetal-se-desarrollara-en-sarmiento\/\" class=\"post-title post-url\">\n\t\t\tLa IV Jornada a campo de sanidad vegetal se desarrollar\u00e1 en&hellip;\t\t<\/a>\n\t\t<\/h2>\t\t\t\t\t<div class=\"post-summary\">\n\t\t\t\tEl d\u00eda 14 de marzo a las 18 horas la Direcci\u00f3n de Sanidad Vegetal, Animal y Alimentos perteneciente a la Secretaria de Agricultura, Ganader\u00eda y Agroindustria,&hellip;\t\t\t<\/div>\n\t\t\t<\/div>\n\t<\/article >\n\t<article class=\"post-19363 type-post format-standard has-post-thumbnail   listing-item listing-item-classic listing-item-classic-2  main-term-5 bsw-13 \">\n\t<div class=\"listing-inner item-inner\">\n\t\t\t\t\t<div class=\"featured clearfix\">\n\t\t\t\t<div class=\"term-badges floated\"><span class=\"term-badge term-5\"><a href=\"https:\/\/maxradio923.com.ar\/index.php\/category\/municipales\/\">MUNICIPALES<\/a><\/span><\/div>\t\t\t\t<a  title=\"Sarmiento: Capacitan en \u00abIniciaci\u00f3n Ap\u00edcola\u00bb\" data-src=\"https:\/\/maxradio923.com.ar\/wp-content\/uploads\/2024\/03\/WhatsApp-Image-2024-03-11-at-19.54.51-3-357x210.jpe\" data-bs-srcset=\"{&quot;baseurl&quot;:&quot;https:\\\/\\\/maxradio923.com.ar\\\/wp-content\\\/uploads\\\/2024\\\/03\\\/&quot;,&quot;sizes&quot;:{&quot;210&quot;:&quot;WhatsApp-Image-2024-03-11-at-19.54.51-3-210x136.jpe&quot;,&quot;279&quot;:&quot;WhatsApp-Image-2024-03-11-at-19.54.51-3-279x220.jpe&quot;,&quot;357&quot;:&quot;WhatsApp-Image-2024-03-11-at-19.54.51-3-357x210.jpe&quot;,&quot;750&quot;:&quot;WhatsApp-Image-2024-03-11-at-19.54.51-3-750x430.jpe&quot;,&quot;960&quot;:&quot;WhatsApp-Image-2024-03-11-at-19.54.51-3.jpe&quot;}}\"\t\t\t\t\t\tclass=\"img-holder\" href=\"https:\/\/maxradio923.com.ar\/index.php\/2024\/03\/12\/sarmiento-capacitan-en-iniciacion-apicola\/\"><\/a>\n\t\t\t\t\t\t\t<\/div>\n\t\t<h2 class=\"title\">\t\t<a href=\"https:\/\/maxradio923.com.ar\/index.php\/2024\/03\/12\/sarmiento-capacitan-en-iniciacion-apicola\/\" class=\"post-title post-url\">\n\t\t\tSarmiento: Capacitan en \u00abIniciaci\u00f3n Ap\u00edcola\u00bb\t\t<\/a>\n\t\t<\/h2>\t\t\t\t\t<div class=\"post-summary\">\n\t\t\t\tEl pasado 8 de marzo, empez\u00f3 el cursado de iniciaci\u00f3n ap\u00edcola destinado al sector del D.\n En la primera jornada, el se\u00f1or Augusto Pardo (profesional&hellip;\t\t\t<\/div>\n\t\t\t<\/div>\n\t<\/article >\n\t<article class=\"post-19361 type-post format-standard has-post-thumbnail   listing-item listing-item-classic listing-item-classic-2  main-term-5 bsw-13 \">\n\t<div class=\"listing-inner item-inner\">\n\t\t\t\t\t<div class=\"featured clearfix\">\n\t\t\t\t<div class=\"term-badges floated\"><span class=\"term-badge term-5\"><a href=\"https:\/\/maxradio923.com.ar\/index.php\/category\/municipales\/\">MUNICIPALES<\/a><\/span><\/div>\t\t\t\t<a  title=\"Rivadavia Inaugura Centro de Salud Municipal para Atenci\u00f3n Gratuita a la Comunidad\" data-src=\"https:\/\/maxradio923.com.ar\/wp-content\/uploads\/2024\/03\/dcc120324-003f07_crop1710198867139-357x210.png\" data-bs-srcset=\"{&quot;baseurl&quot;:&quot;https:\\\/\\\/maxradio923.com.ar\\\/wp-content\\\/uploads\\\/2024\\\/03\\\/&quot;,&quot;sizes&quot;:{&quot;210&quot;:&quot;dcc120324-003f07_crop1710198867139-210x136.png&quot;,&quot;279&quot;:&quot;dcc120324-003f07_crop1710198867139-279x220.png&quot;,&quot;357&quot;:&quot;dcc120324-003f07_crop1710198867139-357x210.png&quot;,&quot;750&quot;:&quot;dcc120324-003f07_crop1710198867139-750x430.png&quot;,&quot;1281&quot;:&quot;dcc120324-003f07_crop1710198867139.png&quot;}}\"\t\t\t\t\t\tclass=\"img-holder\" href=\"https:\/\/maxradio923.com.ar\/index.php\/2024\/03\/12\/rivadavia-inaugura-centro-de-salud-municipal-para-atencion-gratuita-a-la-comunidad\/\"><\/a>\n\t\t\t\t\t\t\t<\/div>\n\t\t<h2 class=\"title\">\t\t<a href=\"https:\/\/maxradio923.com.ar\/index.php\/2024\/03\/12\/rivadavia-inaugura-centro-de-salud-municipal-para-atencion-gratuita-a-la-comunidad\/\" class=\"post-title post-url\">\n\t\t\tRivadavia Inaugura Centro de Salud Municipal para Atenci\u00f3n&hellip;\t\t<\/a>\n\t\t<\/h2>\t\t\t\t\t<div class=\"post-summary\">\n\t\t\t\tEl municipio de Rivadavia dar\u00e1 apertura al primer Centro Municipal de Atenci\u00f3n Primaria de la Salud, destinado a brindar servicios m\u00e9dicos gratuitos a los&hellip;\t\t\t<\/div>\n\t\t\t<\/div>\n\t<\/article >\n\t<article class=\"post-19321 type-post format-standard has-post-thumbnail   listing-item listing-item-classic listing-item-classic-2  main-term-5 bsw-13 \">\n\t<div class=\"listing-inner item-inner\">\n\t\t\t\t\t<div class=\"featured clearfix\">\n\t\t\t\t<div class=\"term-badges floated\"><span class=\"term-badge term-5\"><a href=\"https:\/\/maxradio923.com.ar\/index.php\/category\/municipales\/\">MUNICIPALES<\/a><\/span><\/div>\t\t\t\t<a  title=\"Pocito festejo a puro show musical el 8M\" data-src=\"https:\/\/maxradio923.com.ar\/wp-content\/uploads\/2024\/03\/WhatsApp-Image-2024-03-09-at-08.48.31-357x210.jpe\" data-bs-srcset=\"{&quot;baseurl&quot;:&quot;https:\\\/\\\/maxradio923.com.ar\\\/wp-content\\\/uploads\\\/2024\\\/03\\\/&quot;,&quot;sizes&quot;:{&quot;210&quot;:&quot;WhatsApp-Image-2024-03-09-at-08.48.31-210x136.jpe&quot;,&quot;279&quot;:&quot;WhatsApp-Image-2024-03-09-at-08.48.31-279x220.jpe&quot;,&quot;357&quot;:&quot;WhatsApp-Image-2024-03-09-at-08.48.31-357x210.jpe&quot;,&quot;750&quot;:&quot;WhatsApp-Image-2024-03-09-at-08.48.31-750x430.jpe&quot;,&quot;1599&quot;:&quot;WhatsApp-Image-2024-03-09-at-08.48.31.jpe&quot;}}\"\t\t\t\t\t\tclass=\"img-holder\" href=\"https:\/\/maxradio923.com.ar\/index.php\/2024\/03\/11\/pocito-festejo-a-puro-show-musical-el-8m\/\"><\/a>\n\t\t\t\t\t\t\t<\/div>\n\t\t<h2 class=\"title\">\t\t<a href=\"https:\/\/maxradio923.com.ar\/index.php\/2024\/03\/11\/pocito-festejo-a-puro-show-musical-el-8m\/\" class=\"post-title post-url\">\n\t\t\tPocito festejo a puro show musical el 8M\t\t<\/a>\n\t\t<\/h2>\t\t\t\t\t<div class=\"post-summary\">\n\t\t\t\tEl show comenz\u00f3 con mujeres que se dedican a la m\u00fasica y se juntaron especialmente para la ocasi\u00f3n, cautivando a los pocitanos con sus voces y sus armoniosos&hellip;\t\t\t<\/div>\n\t\t\t<\/div>\n\t<\/article >\n\t<\/div>\n\t\t\t<\/div>\n\t<\/div>\n<\/div>[\/vc_column][\/vc_row][vc_row full_width=&#8221;stretch_row_content&#8221;][vc_column]<div class=\" bs-listing bs-listing-modern-grid-listing-10 bs-listing-single-tab\">\t<div class=\"listing listing-modern-grid listing-modern-grid-10 clearfix slider-overlay-colored-anim\">\n\t\t<div class=\"mg-row mg-row-1 clearfix\">\n\t\t\t<div class=\"mg-col mg-col-1\">\n\t\t\t\t\t<article class=\"post-61411 type-post format-standard has-post-thumbnail  listing-item-1 listing-item listing-mg-item listing-mg-10-item listing-mg-type-1 main-term-4\">\n\t<div class=\"item-content\">\n\t\t<a  title=\"Ca7riel y Paco Amoroso presentan &#8220;Gimme More&#8221;\" data-src=\"https:\/\/maxradio923.com.ar\/wp-content\/uploads\/2025\/11\/ca7riel-y-paco-amoroso.jpg\" data-bs-srcset=\"{&quot;baseurl&quot;:&quot;https:\\\/\\\/maxradio923.com.ar\\\/wp-content\\\/uploads\\\/2025\\\/11\\\/&quot;,&quot;sizes&quot;:{&quot;210&quot;:&quot;ca7riel-y-paco-amoroso-210x136.jpg&quot;,&quot;279&quot;:&quot;ca7riel-y-paco-amoroso-279x220.jpg&quot;,&quot;357&quot;:&quot;ca7riel-y-paco-amoroso-357x210.jpg&quot;,&quot;599&quot;:&quot;ca7riel-y-paco-amoroso.jpg&quot;}}\"\t\t\t\tclass=\"img-cont\" href=\"https:\/\/maxradio923.com.ar\/index.php\/2025\/11\/25\/ca7riel-y-paco-amoroso-presentan-gimme-more\/\"><\/a>\n\t\t<div class=\"term-badges floated\"><span class=\"term-badge term-4\"><a href=\"https:\/\/maxradio923.com.ar\/index.php\/category\/espectaculos\/\">ESPECTACULOS<\/a><\/span><span class=\"term-badge term-14\"><a href=\"https:\/\/maxradio923.com.ar\/index.php\/category\/musica\/\">M\u00fasica<\/a><\/span><\/div>\t\t<div class=\"content-container\">\n\t\t\t<h2 class=\"title\">\t\t\t<a href=\"https:\/\/maxradio923.com.ar\/index.php\/2025\/11\/25\/ca7riel-y-paco-amoroso-presentan-gimme-more\/\" class=\"post-url post-title\">\n\t\t\t\tCa7riel y Paco Amoroso presentan &#8220;Gimme More&#8221;\t\t\t<\/a>\n\t\t\t<\/h2>\t\t<div class=\"post-meta\">\n\n\t\t\t\t\t\t\t<a href=\"https:\/\/maxradio923.com.ar\/index.php\/author\/prensa\/\"\n\t\t\t\t   title=\"Art\u00edculos de autor\"\n\t\t\t\t   class=\"post-author-a\">\n\t\t\t\t\t<i class=\"post-author author\">\n\t\t\t\t\t\tPrensa Max Radio\t\t\t\t\t<\/i>\n\t\t\t\t<\/a>\n\t\t\t\t\t\t\t<span class=\"time\"><time class=\"post-published updated\"\n\t\t\t\t                         datetime=\"2025-11-25T12:34:33-03:00\">martes 25 de noviembre de 2025<\/time><\/span>\n\t\t\t\t\t\t<\/div>\n\t\t\t\t<\/div>\n\t<\/div>\n\t<\/article >\n\t\t\t<\/div>\n\t\t\t<div class=\"mg-col mg-col-2\">\n\t\t\t\t\t<article class=\"post-51024 type-post format-standard has-post-thumbnail  listing-item-2 listing-item listing-mg-item listing-mg-10-item listing-mg-type-1 main-term-4\">\n\t<div class=\"item-content\">\n\t\t<a  title=\"FNS 2025: Abri\u00f3 la convocatoria para artistas\" data-src=\"https:\/\/maxradio923.com.ar\/wp-content\/uploads\/2025\/09\/fiesta-del-sol-san-juan-2025-banner-001-1-e1758830732840-750x430.jpg\" data-bs-srcset=\"{&quot;baseurl&quot;:&quot;https:\\\/\\\/maxradio923.com.ar\\\/wp-content\\\/uploads\\\/2025\\\/09\\\/&quot;,&quot;sizes&quot;:{&quot;210&quot;:&quot;fiesta-del-sol-san-juan-2025-banner-001-1-e1758830732840-210x136.jpg&quot;,&quot;279&quot;:&quot;fiesta-del-sol-san-juan-2025-banner-001-1-e1758830732840-279x220.jpg&quot;,&quot;357&quot;:&quot;fiesta-del-sol-san-juan-2025-banner-001-1-e1758830732840-357x210.jpg&quot;,&quot;750&quot;:&quot;fiesta-del-sol-san-juan-2025-banner-001-1-e1758830732840-750x430.jpg&quot;,&quot;872&quot;:&quot;fiesta-del-sol-san-juan-2025-banner-001-1-e1758830732840.jpg&quot;}}\"\t\t\t\tclass=\"img-cont\" href=\"https:\/\/maxradio923.com.ar\/index.php\/2025\/09\/25\/fns-2025-abrio-la-convocatoria-para-artistas\/\"><\/a>\n\t\t<div class=\"term-badges floated\"><span class=\"term-badge term-4\"><a href=\"https:\/\/maxradio923.com.ar\/index.php\/category\/espectaculos\/\">ESPECTACULOS<\/a><\/span><span class=\"term-badge term-8\"><a href=\"https:\/\/maxradio923.com.ar\/index.php\/category\/san-juan\/\">SAN JUAN<\/a><\/span><\/div>\t\t<div class=\"content-container\">\n\t\t\t<h2 class=\"title\">\t\t\t<a href=\"https:\/\/maxradio923.com.ar\/index.php\/2025\/09\/25\/fns-2025-abrio-la-convocatoria-para-artistas\/\" class=\"post-url post-title\">\n\t\t\t\tFNS 2025: Abri\u00f3 la convocatoria para artistas\t\t\t<\/a>\n\t\t\t<\/h2>\t\t<div class=\"post-meta\">\n\n\t\t\t\t\t\t\t<a href=\"https:\/\/maxradio923.com.ar\/index.php\/author\/prensa\/\"\n\t\t\t\t   title=\"Art\u00edculos de autor\"\n\t\t\t\t   class=\"post-author-a\">\n\t\t\t\t\t<i class=\"post-author author\">\n\t\t\t\t\t\tPrensa Max Radio\t\t\t\t\t<\/i>\n\t\t\t\t<\/a>\n\t\t\t\t\t\t\t<span class=\"time\"><time class=\"post-published updated\"\n\t\t\t\t                         datetime=\"2025-09-25T17:05:54-03:00\">jueves 25 de septiembre de 2025<\/time><\/span>\n\t\t\t\t\t\t<\/div>\n\t\t\t\t<\/div>\n\t<\/div>\n\t<\/article >\n\t\t\t<\/div>\n\t\t<\/div>\n\t\t\t\t<div class=\"mg-row mg-row-2 clearfix\">\n\t\t\t<div class=\"mg-col mg-col-1\">\n\t\t\t\t\t<article class=\"post-50936 type-post format-standard has-post-thumbnail  listing-item-3 listing-item listing-mg-item listing-mg-10-item listing-mg-type-1 main-term-4\">\n\t<div class=\"item-content\">\n\t\t<a  title=\"Guasones en San Juan\" data-src=\"https:\/\/maxradio923.com.ar\/wp-content\/uploads\/2025\/09\/guasones-setiembre-357x210.jpeg\" data-bs-srcset=\"{&quot;baseurl&quot;:&quot;https:\\\/\\\/maxradio923.com.ar\\\/wp-content\\\/uploads\\\/2025\\\/09\\\/&quot;,&quot;sizes&quot;:{&quot;210&quot;:&quot;guasones-setiembre-210x136.jpeg&quot;,&quot;279&quot;:&quot;guasones-setiembre-279x220.jpeg&quot;,&quot;357&quot;:&quot;guasones-setiembre-357x210.jpeg&quot;,&quot;381&quot;:&quot;guasones-setiembre.jpeg&quot;}}\"\t\t\t\tclass=\"img-cont\" href=\"https:\/\/maxradio923.com.ar\/index.php\/2025\/09\/25\/guasones-en-san-juan\/\"><\/a>\n\t\t<div class=\"term-badges floated\"><span class=\"term-badge term-4\"><a href=\"https:\/\/maxradio923.com.ar\/index.php\/category\/espectaculos\/\">ESPECTACULOS<\/a><\/span><\/div>\t\t<div class=\"content-container\">\n\t\t\t<h2 class=\"title\">\t\t\t<a href=\"https:\/\/maxradio923.com.ar\/index.php\/2025\/09\/25\/guasones-en-san-juan\/\" class=\"post-url post-title\">\n\t\t\t\tGuasones en San Juan\t\t\t<\/a>\n\t\t\t<\/h2>\t\t<\/div>\n\t<\/div>\n\t<\/article >\n\t\t\t<\/div>\n\t\t\t<div class=\"mg-col mg-col-2\">\n\t\t\t\t\t<article class=\"post-26664 type-post format-standard has-post-thumbnail  listing-item-4 listing-item listing-mg-item listing-mg-10-item listing-mg-type-1 main-term-4\">\n\t<div class=\"item-content\">\n\t\t<a  title=\"Murio Roberto Giordano\" data-src=\"https:\/\/maxradio923.com.ar\/wp-content\/uploads\/2024\/11\/giordano.jpg\" data-bs-srcset=\"{&quot;baseurl&quot;:&quot;https:\\\/\\\/maxradio923.com.ar\\\/wp-content\\\/uploads\\\/2024\\\/11\\\/&quot;,&quot;sizes&quot;:{&quot;210&quot;:&quot;giordano-210x136.jpg&quot;,&quot;279&quot;:&quot;giordano-279x168.jpg&quot;,&quot;300&quot;:&quot;giordano.jpg&quot;}}\"\t\t\t\tclass=\"img-cont\" href=\"https:\/\/maxradio923.com.ar\/index.php\/2024\/11\/22\/murio-roberto-giordano\/\"><\/a>\n\t\t<div class=\"term-badges floated\"><span class=\"term-badge term-4\"><a href=\"https:\/\/maxradio923.com.ar\/index.php\/category\/espectaculos\/\">ESPECTACULOS<\/a><\/span><\/div>\t\t<div class=\"content-container\">\n\t\t\t<h2 class=\"title\">\t\t\t<a href=\"https:\/\/maxradio923.com.ar\/index.php\/2024\/11\/22\/murio-roberto-giordano\/\" class=\"post-url post-title\">\n\t\t\t\tMurio Roberto Giordano\t\t\t<\/a>\n\t\t\t<\/h2>\t\t<\/div>\n\t<\/div>\n\t<\/article >\n\t\t\t<\/div>\n\t\t\t<div class=\"mg-col mg-col-3\">\n\t\t\t\t\t<article class=\"post-19383 type-post format-standard has-post-thumbnail  listing-item-5 listing-item listing-mg-item listing-mg-10-item listing-mg-type-1 main-term-9\">\n\t<div class=\"item-content\">\n\t\t<a  title=\"Diluvia en la Ciudad y el Gran Buenos Aires: c\u00f3mo seguir\u00e1 el tiempo en una jornada complicada por las tormentas\" data-src=\"https:\/\/maxradio923.com.ar\/wp-content\/uploads\/2024\/03\/BJBkzP6hH_1200x630__1-357x210.jpg\" data-bs-srcset=\"{&quot;baseurl&quot;:&quot;https:\\\/\\\/maxradio923.com.ar\\\/wp-content\\\/uploads\\\/2024\\\/03\\\/&quot;,&quot;sizes&quot;:{&quot;210&quot;:&quot;BJBkzP6hH_1200x630__1-210x136.jpg&quot;,&quot;279&quot;:&quot;BJBkzP6hH_1200x630__1-279x220.jpg&quot;,&quot;357&quot;:&quot;BJBkzP6hH_1200x630__1-357x210.jpg&quot;,&quot;750&quot;:&quot;BJBkzP6hH_1200x630__1-750x430.jpg&quot;,&quot;1200&quot;:&quot;BJBkzP6hH_1200x630__1.jpg&quot;}}\"\t\t\t\tclass=\"img-cont\" href=\"https:\/\/maxradio923.com.ar\/index.php\/2024\/03\/12\/diluvia-en-la-ciudad-y-el-gran-buenos-aires-como-seguira-el-tiempo-en-una-jornada-complicada-por-las-tormentas\/\"><\/a>\n\t\t<div class=\"term-badges floated\"><span class=\"term-badge term-9\"><a href=\"https:\/\/maxradio923.com.ar\/index.php\/category\/sociedad\/\">SOCIEDAD<\/a><\/span><\/div>\t\t<div class=\"content-container\">\n\t\t\t<h2 class=\"title\">\t\t\t<a href=\"https:\/\/maxradio923.com.ar\/index.php\/2024\/03\/12\/diluvia-en-la-ciudad-y-el-gran-buenos-aires-como-seguira-el-tiempo-en-una-jornada-complicada-por-las-tormentas\/\" class=\"post-url post-title\">\n\t\t\t\tDiluvia en la Ciudad y el Gran Buenos Aires: c\u00f3mo seguir\u00e1 el tiempo en una jornada complicada por&hellip;\t\t\t<\/a>\n\t\t\t<\/h2>\t\t<\/div>\n\t<\/div>\n\t<\/article >\n\t\t\t<\/div>\n\t\t\t<div class=\"mg-col mg-col-4\">\n\t\t\t\t\t<article class=\"post-19381 type-post format-standard has-post-thumbnail  listing-item-6 listing-item listing-mg-item listing-mg-10-item listing-mg-type-1 main-term-9\">\n\t<div class=\"item-content\">\n\t\t<a  title=\"Crisis en el tradicional coro que grab\u00f3 la &#8220;Misa Criolla&#8221;: est\u00e1 al borde del cierre y piden ayuda\" data-src=\"https:\/\/maxradio923.com.ar\/wp-content\/uploads\/2024\/03\/EXSMmBEu8_1200x630__1-357x210.jpg\" data-bs-srcset=\"{&quot;baseurl&quot;:&quot;https:\\\/\\\/maxradio923.com.ar\\\/wp-content\\\/uploads\\\/2024\\\/03\\\/&quot;,&quot;sizes&quot;:{&quot;210&quot;:&quot;EXSMmBEu8_1200x630__1-210x136.jpg&quot;,&quot;279&quot;:&quot;EXSMmBEu8_1200x630__1-279x220.jpg&quot;,&quot;357&quot;:&quot;EXSMmBEu8_1200x630__1-357x210.jpg&quot;,&quot;750&quot;:&quot;EXSMmBEu8_1200x630__1-750x430.jpg&quot;,&quot;1200&quot;:&quot;EXSMmBEu8_1200x630__1.jpg&quot;}}\"\t\t\t\tclass=\"img-cont\" href=\"https:\/\/maxradio923.com.ar\/index.php\/2024\/03\/12\/crisis-en-el-tradicional-coro-que-grabo-la-misa-criolla-esta-al-borde-del-cierre-y-piden-ayuda\/\"><\/a>\n\t\t<div class=\"term-badges floated\"><span class=\"term-badge term-9\"><a href=\"https:\/\/maxradio923.com.ar\/index.php\/category\/sociedad\/\">SOCIEDAD<\/a><\/span><\/div>\t\t<div class=\"content-container\">\n\t\t\t<h2 class=\"title\">\t\t\t<a href=\"https:\/\/maxradio923.com.ar\/index.php\/2024\/03\/12\/crisis-en-el-tradicional-coro-que-grabo-la-misa-criolla-esta-al-borde-del-cierre-y-piden-ayuda\/\" class=\"post-url post-title\">\n\t\t\t\tCrisis en el tradicional coro que grab\u00f3 la &#8220;Misa Criolla&#8221;: est\u00e1 al borde del cierre y&hellip;\t\t\t<\/a>\n\t\t\t<\/h2>\t\t<\/div>\n\t<\/div>\n\t<\/article >\n\t\t\t<\/div>\n\t\t<\/div>\n\t<\/div>\n<\/div>[\/vc_column][\/vc_row]<\/p>\n<\/div>","protected":false},"excerpt":{"rendered":"<p>[vc_row full_width=&#8221;stretch_row_content&#8221;][vc_column][\/vc_column][\/vc_row][vc_row][vc_column width=&#8221;2\/3&#8243;][vc_column_text][\/vc_column_text][\/vc_column][vc_column width=&#8221;1\/3&#8243;][vc_raw_html]JTNDaWZyYW1lJTIwc3JjJTNEJTIyaHR0cHMlM0ElMkYlMkZzdHJlYW1pbmcucmFkaW9zZW5saW5lYS5jb20uYXIlMkZjcCUyRndpZGdldHMlMkZwbGF5ZXIlMkZzaW5nbGUlMkYlM0ZwJTNEODQ5OCUyMiUyMGhlaWdodCUzRCUyMjExMCUyMiUyMHdpZHRoJTNEJTIyMTAwJTI1JTIyJTIwc2Nyb2xsaW5nJTNEJTIybm8lMjIlMjBzdHlsZSUzRCUyMmJvcmRlciUzQW5vbmUlM0IlMjIlM0UlM0MlMkZpZnJhbWUlM0UlM0NjZW50ZXIlM0UlM0NhJTIwaHJlZiUzRCUyMmh0dHBzJTNBJTJGJTJGc3RyZWFtaW5nLnJhZGlvc2VubGluZWEuY29tLmFyJTJGY3AlMkZsaW5rcy5waHAlM0ZwJTNEODQ5OCUyNm0lM0RwbHMlMjIlM0UlM0NpbWclMjBzcmMlM0QlMjJodHRwcyUzQSUyRiUyRnN0cmVhbWluZy5yYWRpb3NlbmxpbmVhLmNvbS5hciUyRmNwJTJGaW5jJTJGaW1hZ2VzJTJGcGxheWVycyUyRndpbmFtcDIucG5nJTIyJTIwYm9yZGVyJTNEJTIyMCUyMiUzRSUzQyUyRmElM0UlM0NhJTIwaHJlZiUzRCUyMmh0dHBzJTNBJTJGJTJGc3RyZWFtaW5nLnJhZGlvc2VubGluZWEuY29tLmFyJTJGY3AlMkZsaW5rcy5waHAlM0ZwJTNEODQ5OCUyNm0lM0Rhc3glMjIlM0UlM0NpbWclMjBzcmMlM0QlMjJodHRwcyUzQSUyRiUyRnN0cmVhbWluZy5yYWRpb3NlbmxpbmVhLmNvbS5hciUyRmNwJTJGaW5jJTJGaW1hZ2VzJTJGcGxheWVycyUyRm1lZGlhcGxheWVyLnBuZyUyMiUyMGJvcmRlciUzRCUyMjAlMjIlM0UlM0MlMkZhJTNFJTNDYSUyMGhyZWYlM0QlMjJodHRwcyUzQSUyRiUyRnN0cmVhbWluZy5yYWRpb3NlbmxpbmVhLmNvbS5hciUyRmNwJTJGbGlua3MucGhwJTNGcCUzRDg0OTglMjZtJTNEcGxzJTIyJTNFJTNDaW1nJTIwc3JjJTNEJTIyaHR0cHMlM0ElMkYlMkZzdHJlYW1pbmcucmFkaW9zZW5saW5lYS5jb20uYXIlMkZjcCUyRmluYyUyRmltYWdlcyUyRnBsYXllcnMlMkZ2bGMucG5nJTIyJTIwYm9yZGVyJTNEJTIyMCUyMiUzRSUzQyUyRmElM0UlM0NhJTIwaHJlZiUzRCUyMmh0dHBzJTNBJTJGJTJGc3RyZWFtaW5nLnJhZGlvc2VubGluZWEuY29tLmFyJTJGY3AlMkZsaW5rcy5waHAlM0ZwJTNEODQ5OCUyNm0lM0RwbHMlMjIlM0UlM0NpbWclMjBzcmMlM0QlMjJodHRwcyUzQSUyRiUyRnN0cmVhbWluZy5yYWRpb3NlbmxpbmVhLmNvbS5hciUyRmNwJTJGaW5jJTJGaW1hZ2VzJTJGcGxheWVycyUyRml0dW5lcy5wbmclMjIlMjBib3JkZXIlM0QlMjIwJTIyJTNFJTNDJTJGYSUzRSUzQ2ElMjBocmVmJTNEJTIyaHR0cHMlM0ElMkYlMkZzdHJlYW1pbmcucmFkaW9zZW5saW5lYS5jb20uYXIlMkZjcCUyRmxpbmtzLnBocCUzRnAlM0Q4NDk4JTI2bSUzRHJhbSUyMiUzRSUzQ2ltZyUyMHNyYyUzRCUyMmh0dHBzJTNBJTJGJTJGc3RyZWFtaW5nLnJhZGlvc2VubGluZWEuY29tLmFyJTJGY3AlMkZpbmMlMkZpbWFnZXMlMkZwbGF5ZXJzJTJGcmVhbC5wbmclMjIlMjBib3JkZXIlM0QlMjIwJTIyJTNFJTNDJTJGYSUzRSUzQyUyRmNlbnRlciUzRQ==[\/vc_raw_html][\/vc_column][\/vc_row][vc_row full_width=&#8221;stretch_row_content&#8221;][vc_column][\/vc_column][\/vc_row][vc_row][vc_column width=&#8221;1\/2&#8243;][\/vc_column][vc_column width=&#8221;1\/2&#8243;][\/vc_column][\/vc_row][vc_row full_width=&#8221;stretch_row_content&#8221;][vc_column][\/vc_column][\/vc_row]<\/p>\n","protected":false},"author":1,"featured_media":578,"parent":0,"menu_order":0,"comment_status":"closed","ping_status":"closed","template":"","meta":{"footnotes":""},"_links":{"self":[{"href":"https:\/\/maxradio923.com.ar\/index.php\/wp-json\/wp\/v2\/pages\/15"}],"collection":[{"href":"https:\/\/maxradio923.com.ar\/index.php\/wp-json\/wp\/v2\/pages"}],"about":[{"href":"https:\/\/maxradio923.com.ar\/index.php\/wp-json\/wp\/v2\/types\/page"}],"author":[{"embeddable":true,"href":"https:\/\/maxradio923.com.ar\/index.php\/wp-json\/wp\/v2\/users\/1"}],"replies":[{"embeddable":true,"href":"https:\/\/maxradio923.com.ar\/index.php\/wp-json\/wp\/v2\/comments?post=15"}],"version-history":[{"count":4,"href":"https:\/\/maxradio923.com.ar\/index.php\/wp-json\/wp\/v2\/pages\/15\/revisions"}],"predecessor-version":[{"id":66688,"href":"https:\/\/maxradio923.com.ar\/index.php\/wp-json\/wp\/v2\/pages\/15\/revisions\/66688"}],"wp:featuredmedia":[{"embeddable":true,"href":"https:\/\/maxradio923.com.ar\/index.php\/wp-json\/wp\/v2\/media\/578"}],"wp:attachment":[{"href":"https:\/\/maxradio923.com.ar\/index.php\/wp-json\/wp\/v2\/media?parent=15"}],"curies":[{"name":"wp","href":"https:\/\/api.w.org\/{rel}","templated":true}]}}